{"id":151986,"date":"2026-02-18T10:57:01","date_gmt":"2026-02-18T09:57:01","guid":{"rendered":"https:\/\/movemenorca.com\/property-for-sale-menorca\/calan-porter-villa-with-tourist-license-and-sea-views-2\/"},"modified":"2026-04-15T10:40:18","modified_gmt":"2026-04-15T08:40:18","slug":"calan-porter-villa-with-tourist-license-and-sea-views-2","status":"publish","type":"property","link":"https:\/\/movemenorca.com\/es\/casas-en-venta-menorca\/calan-porter-villa-with-tourist-license-and-sea-views-2\/","title":{"rendered":"Calan Porter | Chalet con Licencia Tur\u00edstica y vistas al mar"},"content":{"rendered":"<p>Este magn\u00edfico chalet con Licencia Tur\u00edstica se encuentra en la urbanizaci\u00f3n de Cala&#8217;n Porter, cerca de todos los servicios que ofrece esta zona de la isla.<\/p>\n<p>La vivienda ofrece un acogedor y luminoso sal\u00f3n con chimenea, perfecto para crear un ambiente c\u00e1lido durante todo el a\u00f1o, as\u00ed como una cocina funcional totalmente equipada. Dispone de tres c\u00f3modos dormitorios y dos ba\u00f1os, uno de ellos en-suite. Adem\u00e1s, la propiedad est\u00e1 equipada con aire acondicionado y doble acristalamiento, garantizando confort t\u00e9rmico y eficiencia energ\u00e9tica en cualquier estaci\u00f3n del a\u00f1o.<\/p>\n<p>El exterior es uno de los grandes atractivos de esta propiedad. Una amplia terraza rodea la piscina privada, creando un entorno perfecto para relajarse bajo el sol mediterr\u00e1neo. Tambi\u00e9n cuenta con una agradable zona de barbacoa, ideal para reuniones al aire libre, y una espectacular terraza cubierta desde donde se pueden contemplar inigualables vistas al mar, convirti\u00e9ndose en el escenario perfecto para disfrutar de atardeceres \u00fanicos. Tiene una terraza en la azotea con vistas impresionantes.<\/p>\n<p>La propiedad se completa con una zona de aparcamiento privado, aportando comodidad y practicidad.<\/p>\n<p>En conjunto, se trata de un chalet que combina encanto, confort y una excelente oportunidad de inversi\u00f3n gracias a su Licencia Tur\u00edstica, en un entorno privilegiado que invita al descanso y al disfrute del aut\u00e9ntico estilo de vida mediterr\u00e1neo.<\/p>\n","protected":false},"excerpt":{"rendered":"<p>Este magn\u00edfico chalet con Licencia Tur\u00edstica se encuentra en la urbanizaci\u00f3n de Cala&#8217;n Porter<\/p>\n","protected":false},"author":6,"featured_media":151917,"parent":0,"menu_order":0,"comment_status":"closed","ping_status":"closed","template":"","property-feature":[309,314,380,360,341,1551,1018,1008,343,361,718,342,1016,323],"property-type":[307],"property-location":[433,434],"property-status":[368],"class_list":["post-151986","property","type-property","status-publish","has-post-thumbnail","hentry","property-feature-aire-acondicionado","property-feature-aparcamiento-es","property-feature-chimenea","property-feature-comedor","property-feature-jardin-es","property-feature-large-terrace-es","property-feature-tourist-licence-es","property-feature-off-road-parking-es","property-feature-piscina","property-feature-primera-linea","property-feature-terraza","property-feature-vistas-al-mar","property-feature-vistas-panoramicas-es","property-feature-vistas-sobre-el-campo","property-type-villa-es","property-city-alaior-es","property-city-calan-porter-es","property-status-vendido"],"yoast_head":"<!-- This site is optimized with the Yoast SEO Premium plugin v21.0 (Yoast SEO v27.4) - https:\/\/yoast.com\/product\/yoast-seo-premium-wordpress\/ -->\n<title>Calan Porter | Chalet con Licencia Tur\u00edstica y vistas al mar - Move Menorca<\/title>\n<meta name=\"description\" content=\"Este magn\u00edfico chalet con Licencia Tur\u00edstica se encuentra en la urbanizaci\u00f3n de Cala&#039;n Porter. Alayor,Menorca\" \/>\n<meta name=\"robots\" content=\"index, follow, max-snippet:-1, max-image-preview:large, max-video-preview:-1\" \/>\n<link rel=\"canonical\" href=\"https:\/\/movemenorca.com\/es\/casas-en-venta-menorca\/calan-porter-villa-with-tourist-license-and-sea-views-2\/\" \/>\n<meta property=\"og:locale\" content=\"es_ES\" \/>\n<meta property=\"og:type\" content=\"article\" \/>\n<meta property=\"og:title\" content=\"Calan Porter | Chalet con Licencia Tur\u00edstica y vistas al mar\" \/>\n<meta property=\"og:description\" content=\"Este magn\u00edfico chalet con Licencia Tur\u00edstica se encuentra en la urbanizaci\u00f3n de Cala&#039;n Porter. Alayor,Menorca\" \/>\n<meta property=\"og:url\" content=\"https:\/\/movemenorca.com\/es\/casas-en-venta-menorca\/calan-porter-villa-with-tourist-license-and-sea-views-2\/\" \/>\n<meta property=\"og:site_name\" content=\"Move Menorca\" \/>\n<meta property=\"article:publisher\" content=\"https:\/\/www.facebook.com\/MoveMenorca\" \/>\n<meta property=\"article:modified_time\" content=\"2026-04-15T08:40:18+00:00\" \/>\n<meta property=\"og:image\" content=\"https:\/\/movemenorca.com\/wp-content\/uploads\/CHALET-EN-CALA-EN-PORTER-004-8.jpg\" \/>\n\t<meta property=\"og:image:width\" content=\"1200\" \/>\n\t<meta property=\"og:image:height\" content=\"900\" \/>\n\t<meta property=\"og:image:type\" content=\"image\/jpeg\" \/>\n<meta name=\"twitter:card\" content=\"summary_large_image\" \/>\n<meta name=\"twitter:label1\" content=\"Tiempo de lectura\" \/>\n\t<meta name=\"twitter:data1\" content=\"2 minutos\" \/>\n<script type=\"application\/ld+json\" class=\"yoast-schema-graph\">{\"@context\":\"https:\\\/\\\/schema.org\",\"@graph\":[{\"@type\":\"WebPage\",\"@id\":\"https:\\\/\\\/movemenorca.com\\\/es\\\/casas-en-venta-menorca\\\/calan-porter-villa-with-tourist-license-and-sea-views-2\\\/\",\"url\":\"https:\\\/\\\/movemenorca.com\\\/es\\\/casas-en-venta-menorca\\\/calan-porter-villa-with-tourist-license-and-sea-views-2\\\/\",\"name\":\"Calan Porter | Chalet con Licencia Tur\u00edstica y vistas al mar - Move Menorca\",\"isPartOf\":{\"@id\":\"https:\\\/\\\/movemenorca.com\\\/#website\"},\"primaryImageOfPage\":{\"@id\":\"https:\\\/\\\/movemenorca.com\\\/es\\\/casas-en-venta-menorca\\\/calan-porter-villa-with-tourist-license-and-sea-views-2\\\/#primaryimage\"},\"image\":{\"@id\":\"https:\\\/\\\/movemenorca.com\\\/es\\\/casas-en-venta-menorca\\\/calan-porter-villa-with-tourist-license-and-sea-views-2\\\/#primaryimage\"},\"thumbnailUrl\":\"https:\\\/\\\/movemenorca.com\\\/wp-content\\\/uploads\\\/CHALET-EN-CALA-EN-PORTER-004-8.jpg\",\"datePublished\":\"2026-02-18T09:57:01+00:00\",\"dateModified\":\"2026-04-15T08:40:18+00:00\",\"description\":\"Este magn\u00edfico chalet con Licencia Tur\u00edstica se encuentra en la urbanizaci\u00f3n de Cala'n Porter. Alayor,Menorca\",\"breadcrumb\":{\"@id\":\"https:\\\/\\\/movemenorca.com\\\/es\\\/casas-en-venta-menorca\\\/calan-porter-villa-with-tourist-license-and-sea-views-2\\\/#breadcrumb\"},\"inLanguage\":\"es\",\"potentialAction\":[{\"@type\":\"ReadAction\",\"target\":[\"https:\\\/\\\/movemenorca.com\\\/es\\\/casas-en-venta-menorca\\\/calan-porter-villa-with-tourist-license-and-sea-views-2\\\/\"]}]},{\"@type\":\"ImageObject\",\"inLanguage\":\"es\",\"@id\":\"https:\\\/\\\/movemenorca.com\\\/es\\\/casas-en-venta-menorca\\\/calan-porter-villa-with-tourist-license-and-sea-views-2\\\/#primaryimage\",\"url\":\"https:\\\/\\\/movemenorca.com\\\/wp-content\\\/uploads\\\/CHALET-EN-CALA-EN-PORTER-004-8.jpg\",\"contentUrl\":\"https:\\\/\\\/movemenorca.com\\\/wp-content\\\/uploads\\\/CHALET-EN-CALA-EN-PORTER-004-8.jpg\",\"width\":1200,\"height\":900,\"caption\":\"Villa for sale in Cala en Porter Menorca\"},{\"@type\":\"BreadcrumbList\",\"@id\":\"https:\\\/\\\/movemenorca.com\\\/es\\\/casas-en-venta-menorca\\\/calan-porter-villa-with-tourist-license-and-sea-views-2\\\/#breadcrumb\",\"itemListElement\":[{\"@type\":\"ListItem\",\"position\":1,\"name\":\"Home\",\"item\":\"https:\\\/\\\/movemenorca.com\\\/es\\\/\"},{\"@type\":\"ListItem\",\"position\":2,\"name\":\"Properties\",\"item\":\"https:\\\/\\\/movemenorca.com\\\/property\\\/\"},{\"@type\":\"ListItem\",\"position\":3,\"name\":\"Calan Porter | Chalet con Licencia Tur\u00edstica y vistas al mar\"}]},{\"@type\":\"WebSite\",\"@id\":\"https:\\\/\\\/movemenorca.com\\\/#website\",\"url\":\"https:\\\/\\\/movemenorca.com\\\/\",\"name\":\"Move Menorca\",\"description\":\"\",\"publisher\":{\"@id\":\"https:\\\/\\\/movemenorca.com\\\/#organization\"},\"potentialAction\":[{\"@type\":\"SearchAction\",\"target\":{\"@type\":\"EntryPoint\",\"urlTemplate\":\"https:\\\/\\\/movemenorca.com\\\/?s={search_term_string}\"},\"query-input\":{\"@type\":\"PropertyValueSpecification\",\"valueRequired\":true,\"valueName\":\"search_term_string\"}}],\"inLanguage\":\"es\"},{\"@type\":\"Organization\",\"@id\":\"https:\\\/\\\/movemenorca.com\\\/#organization\",\"name\":\"Move Menorca\",\"url\":\"https:\\\/\\\/movemenorca.com\\\/\",\"logo\":{\"@type\":\"ImageObject\",\"inLanguage\":\"es\",\"@id\":\"https:\\\/\\\/movemenorca.com\\\/#\\\/schema\\\/logo\\\/image\\\/\",\"url\":\"https:\\\/\\\/movemenorca.com\\\/wp-content\\\/uploads\\\/logo-2025.png\",\"contentUrl\":\"https:\\\/\\\/movemenorca.com\\\/wp-content\\\/uploads\\\/logo-2025.png\",\"width\":1277,\"height\":539,\"caption\":\"Move Menorca\"},\"image\":{\"@id\":\"https:\\\/\\\/movemenorca.com\\\/#\\\/schema\\\/logo\\\/image\\\/\"},\"sameAs\":[\"https:\\\/\\\/www.facebook.com\\\/MoveMenorca\"]}]}<\/script>\n<!-- \/ Yoast SEO Premium plugin. -->","yoast_head_json":{"title":"Calan Porter | Chalet con Licencia Tur\u00edstica y vistas al mar - Move Menorca","description":"Este magn\u00edfico chalet con Licencia Tur\u00edstica se encuentra en la urbanizaci\u00f3n de Cala'n Porter. Alayor,Menorca","robots":{"index":"index","follow":"follow","max-snippet":"max-snippet:-1","max-image-preview":"max-image-preview:large","max-video-preview":"max-video-preview:-1"},"canonical":"https:\/\/movemenorca.com\/es\/casas-en-venta-menorca\/calan-porter-villa-with-tourist-license-and-sea-views-2\/","og_locale":"es_ES","og_type":"article","og_title":"Calan Porter | Chalet con Licencia Tur\u00edstica y vistas al mar","og_description":"Este magn\u00edfico chalet con Licencia Tur\u00edstica se encuentra en la urbanizaci\u00f3n de Cala'n Porter. Alayor,Menorca","og_url":"https:\/\/movemenorca.com\/es\/casas-en-venta-menorca\/calan-porter-villa-with-tourist-license-and-sea-views-2\/","og_site_name":"Move Menorca","article_publisher":"https:\/\/www.facebook.com\/MoveMenorca","article_modified_time":"2026-04-15T08:40:18+00:00","og_image":[{"width":1200,"height":900,"url":"https:\/\/movemenorca.com\/wp-content\/uploads\/CHALET-EN-CALA-EN-PORTER-004-8.jpg","type":"image\/jpeg"}],"twitter_card":"summary_large_image","twitter_misc":{"Tiempo de lectura":"2 minutos"},"schema":{"@context":"https:\/\/schema.org","@graph":[{"@type":"WebPage","@id":"https:\/\/movemenorca.com\/es\/casas-en-venta-menorca\/calan-porter-villa-with-tourist-license-and-sea-views-2\/","url":"https:\/\/movemenorca.com\/es\/casas-en-venta-menorca\/calan-porter-villa-with-tourist-license-and-sea-views-2\/","name":"Calan Porter | Chalet con Licencia Tur\u00edstica y vistas al mar - Move Menorca","isPartOf":{"@id":"https:\/\/movemenorca.com\/#website"},"primaryImageOfPage":{"@id":"https:\/\/movemenorca.com\/es\/casas-en-venta-menorca\/calan-porter-villa-with-tourist-license-and-sea-views-2\/#primaryimage"},"image":{"@id":"https:\/\/movemenorca.com\/es\/casas-en-venta-menorca\/calan-porter-villa-with-tourist-license-and-sea-views-2\/#primaryimage"},"thumbnailUrl":"https:\/\/movemenorca.com\/wp-content\/uploads\/CHALET-EN-CALA-EN-PORTER-004-8.jpg","datePublished":"2026-02-18T09:57:01+00:00","dateModified":"2026-04-15T08:40:18+00:00","description":"Este magn\u00edfico chalet con Licencia Tur\u00edstica se encuentra en la urbanizaci\u00f3n de Cala'n Porter. Alayor,Menorca","breadcrumb":{"@id":"https:\/\/movemenorca.com\/es\/casas-en-venta-menorca\/calan-porter-villa-with-tourist-license-and-sea-views-2\/#breadcrumb"},"inLanguage":"es","potentialAction":[{"@type":"ReadAction","target":["https:\/\/movemenorca.com\/es\/casas-en-venta-menorca\/calan-porter-villa-with-tourist-license-and-sea-views-2\/"]}]},{"@type":"ImageObject","inLanguage":"es","@id":"https:\/\/movemenorca.com\/es\/casas-en-venta-menorca\/calan-porter-villa-with-tourist-license-and-sea-views-2\/#primaryimage","url":"https:\/\/movemenorca.com\/wp-content\/uploads\/CHALET-EN-CALA-EN-PORTER-004-8.jpg","contentUrl":"https:\/\/movemenorca.com\/wp-content\/uploads\/CHALET-EN-CALA-EN-PORTER-004-8.jpg","width":1200,"height":900,"caption":"Villa for sale in Cala en Porter Menorca"},{"@type":"BreadcrumbList","@id":"https:\/\/movemenorca.com\/es\/casas-en-venta-menorca\/calan-porter-villa-with-tourist-license-and-sea-views-2\/#breadcrumb","itemListElement":[{"@type":"ListItem","position":1,"name":"Home","item":"https:\/\/movemenorca.com\/es\/"},{"@type":"ListItem","position":2,"name":"Properties","item":"https:\/\/movemenorca.com\/property\/"},{"@type":"ListItem","position":3,"name":"Calan Porter | Chalet con Licencia Tur\u00edstica y vistas al mar"}]},{"@type":"WebSite","@id":"https:\/\/movemenorca.com\/#website","url":"https:\/\/movemenorca.com\/","name":"Move Menorca","description":"","publisher":{"@id":"https:\/\/movemenorca.com\/#organization"},"potentialAction":[{"@type":"SearchAction","target":{"@type":"EntryPoint","urlTemplate":"https:\/\/movemenorca.com\/?s={search_term_string}"},"query-input":{"@type":"PropertyValueSpecification","valueRequired":true,"valueName":"search_term_string"}}],"inLanguage":"es"},{"@type":"Organization","@id":"https:\/\/movemenorca.com\/#organization","name":"Move Menorca","url":"https:\/\/movemenorca.com\/","logo":{"@type":"ImageObject","inLanguage":"es","@id":"https:\/\/movemenorca.com\/#\/schema\/logo\/image\/","url":"https:\/\/movemenorca.com\/wp-content\/uploads\/logo-2025.png","contentUrl":"https:\/\/movemenorca.com\/wp-content\/uploads\/logo-2025.png","width":1277,"height":539,"caption":"Move Menorca"},"image":{"@id":"https:\/\/movemenorca.com\/#\/schema\/logo\/image\/"},"sameAs":["https:\/\/www.facebook.com\/MoveMenorca"]}]}},"property_meta":{"REAL_HOMES_property_price":"POA","REAL_HOMES_property_old_price":"","REAL_HOMES_property_price_prefix":"","REAL_HOMES_property_price_postfix":"","REAL_HOMES_property_size":"86","REAL_HOMES_property_size_postfix":"m2","REAL_HOMES_property_lot_size":"655","REAL_HOMES_property_lot_size_postfix":"m2","REAL_HOMES_property_bedrooms":"3","REAL_HOMES_property_bathrooms":"2","REAL_HOMES_property_garage":"","REAL_HOMES_property_id":"50806","REAL_HOMES_property_year_built":"","REAL_HOMES_featured":"0","REAL_HOMES_additional_details_list":[],"REAL_HOMES_property_location":{"latitude":"39.8686909","longitude":"4.1351281","zoom":"13"},"REAL_HOMES_property_address":"Cala en Porter, Alayor, Menorca, Islas Baleares, 07730, Espa\u00f1a","REAL_HOMES_property_map":"0","REAL_HOMES_property_images":[{"width":150,"height":150,"file":"CHALET-EN-CALA-EN-PORTER-019-7.jpg","filesize":231352,"sizes":{"medium":{"file":"CHALET-EN-CALA-EN-PORTER-019-7-300x225.jpg","width":300,"height":225,"mime-type":"image\/jpeg","filesize":43696,"url":"https:\/\/movemenorca.com\/wp-content\/uploads\/CHALET-EN-CALA-EN-PORTER-019-7-300x225.jpg"},"large":{"file":"CHALET-EN-CALA-EN-PORTER-019-7-1024x768.jpg","width":1024,"height":768,"mime-type":"image\/jpeg","filesize":155735,"url":"https:\/\/movemenorca.com\/wp-content\/uploads\/CHALET-EN-CALA-EN-PORTER-019-7-1024x768.jpg"},"thumbnail":{"file":"CHALET-EN-CALA-EN-PORTER-019-7-150x150.jpg","width":150,"height":150,"mime-type":"image\/jpeg","filesize":34470,"url":"https:\/\/movemenorca.com\/wp-content\/uploads\/CHALET-EN-CALA-EN-PORTER-019-7-150x150.jpg"},"medium_large":{"file":"CHALET-EN-CALA-EN-PORTER-019-7-768x576.jpg","width":768,"height":576,"mime-type":"image\/jpeg","filesize":104789,"url":"https:\/\/movemenorca.com\/wp-content\/uploads\/CHALET-EN-CALA-EN-PORTER-019-7-768x576.jpg"},"post-thumbnail":{"file":"CHALET-EN-CALA-EN-PORTER-019-7-150x113.jpg","width":150,"height":113,"mime-type":"image\/jpeg","filesize":33623,"url":"https:\/\/movemenorca.com\/wp-content\/uploads\/CHALET-EN-CALA-EN-PORTER-019-7-150x113.jpg"},"modern-property-child-slider":{"file":"CHALET-EN-CALA-EN-PORTER-019-7-680x510.jpg","width":680,"height":510,"mime-type":"image\/jpeg","filesize":90301,"url":"https:\/\/movemenorca.com\/wp-content\/uploads\/CHALET-EN-CALA-EN-PORTER-019-7-680x510.jpg"},"property-thumb-image":{"file":"CHALET-EN-CALA-EN-PORTER-019-7-488x326.jpg","width":488,"height":326,"mime-type":"image\/jpeg","filesize":60351,"url":"https:\/\/movemenorca.com\/wp-content\/uploads\/CHALET-EN-CALA-EN-PORTER-019-7-488x326.jpg"},"property-detail-video-image":{"file":"CHALET-EN-CALA-EN-PORTER-019-7-818x417.jpg","width":818,"height":417,"mime-type":"image\/jpeg","filesize":97712,"url":"https:\/\/movemenorca.com\/wp-content\/uploads\/CHALET-EN-CALA-EN-PORTER-019-7-818x417.jpg"},"agent-image":{"file":"CHALET-EN-CALA-EN-PORTER-019-7-210x210.jpg","width":210,"height":210,"mime-type":"image\/jpeg","filesize":38903,"url":"https:\/\/movemenorca.com\/wp-content\/uploads\/CHALET-EN-CALA-EN-PORTER-019-7-210x210.jpg"},"partners-logo":{"file":"CHALET-EN-CALA-EN-PORTER-019-7-600x900.jpg","width":600,"height":900,"mime-type":"image\/jpeg","filesize":120465,"url":"https:\/\/movemenorca.com\/wp-content\/uploads\/CHALET-EN-CALA-EN-PORTER-019-7-600x900.jpg"},"post-featured-image":{"file":"CHALET-EN-CALA-EN-PORTER-019-7-1200x720.jpg","width":1200,"height":720,"mime-type":"image\/jpeg","filesize":193388,"url":"https:\/\/movemenorca.com\/wp-content\/uploads\/CHALET-EN-CALA-EN-PORTER-019-7-1200x720.jpg"},"cmplz_banner_image":{"file":"CHALET-EN-CALA-EN-PORTER-019-7-350x100.jpg","width":350,"height":100,"mime-type":"image\/jpeg","filesize":38846,"url":"https:\/\/movemenorca.com\/wp-content\/uploads\/CHALET-EN-CALA-EN-PORTER-019-7-350x100.jpg"}},"image_meta":{"aperture":"0","credit":"","camera":"","caption":"","created_timestamp":"1771354969","copyright":"","focal_length":"0","iso":"0","shutter_speed":"0","title":"","orientation":"0","keywords":[]},"ID":"151939","name":"CHALET-EN-CALA-EN-PORTER-019-7.jpg","path":"\/home\/u274812967\/domains\/movemenorca.com\/public_html\/wp-content\/uploads\/CHALET-EN-CALA-EN-PORTER-019-7.jpg","url":"https:\/\/movemenorca.com\/wp-content\/uploads\/CHALET-EN-CALA-EN-PORTER-019-7-150x150.jpg","full_url":"https:\/\/movemenorca.com\/wp-content\/uploads\/CHALET-EN-CALA-EN-PORTER-019-7.jpg","title":"CHALET EN CALA EN PORTER 019","caption":"","description":"","alt":"","srcset":"https:\/\/movemenorca.com\/wp-content\/uploads\/CHALET-EN-CALA-EN-PORTER-019-7-150x150.jpg 150w, https:\/\/movemenorca.com\/wp-content\/uploads\/CHALET-EN-CALA-EN-PORTER-019-7-210x210.jpg 210w"},{"width":150,"height":150,"file":"CHALET-EN-CALA-EN-PORTER-014-7.jpg","filesize":235592,"sizes":{"medium":{"file":"CHALET-EN-CALA-EN-PORTER-014-7-300x225.jpg","width":300,"height":225,"mime-type":"image\/jpeg","filesize":50663,"url":"https:\/\/movemenorca.com\/wp-content\/uploads\/CHALET-EN-CALA-EN-PORTER-014-7-300x225.jpg"},"large":{"file":"CHALET-EN-CALA-EN-PORTER-014-7-1024x768.jpg","width":1024,"height":768,"mime-type":"image\/jpeg","filesize":175281,"url":"https:\/\/movemenorca.com\/wp-content\/uploads\/CHALET-EN-CALA-EN-PORTER-014-7-1024x768.jpg"},"thumbnail":{"file":"CHALET-EN-CALA-EN-PORTER-014-7-150x150.jpg","width":150,"height":150,"mime-type":"image\/jpeg","filesize":39409,"url":"https:\/\/movemenorca.com\/wp-content\/uploads\/CHALET-EN-CALA-EN-PORTER-014-7-150x150.jpg"},"medium_large":{"file":"CHALET-EN-CALA-EN-PORTER-014-7-768x576.jpg","width":768,"height":576,"mime-type":"image\/jpeg","filesize":122803,"url":"https:\/\/movemenorca.com\/wp-content\/uploads\/CHALET-EN-CALA-EN-PORTER-014-7-768x576.jpg"},"post-thumbnail":{"file":"CHALET-EN-CALA-EN-PORTER-014-7-150x113.jpg","width":150,"height":113,"mime-type":"image\/jpeg","filesize":38088,"url":"https:\/\/movemenorca.com\/wp-content\/uploads\/CHALET-EN-CALA-EN-PORTER-014-7-150x113.jpg"},"modern-property-child-slider":{"file":"CHALET-EN-CALA-EN-PORTER-014-7-680x510.jpg","width":680,"height":510,"mime-type":"image\/jpeg","filesize":106603,"url":"https:\/\/movemenorca.com\/wp-content\/uploads\/CHALET-EN-CALA-EN-PORTER-014-7-680x510.jpg"},"property-thumb-image":{"file":"CHALET-EN-CALA-EN-PORTER-014-7-488x326.jpg","width":488,"height":326,"mime-type":"image\/jpeg","filesize":70571,"url":"https:\/\/movemenorca.com\/wp-content\/uploads\/CHALET-EN-CALA-EN-PORTER-014-7-488x326.jpg"},"property-detail-video-image":{"file":"CHALET-EN-CALA-EN-PORTER-014-7-818x417.jpg","width":818,"height":417,"mime-type":"image\/jpeg","filesize":107304,"url":"https:\/\/movemenorca.com\/wp-content\/uploads\/CHALET-EN-CALA-EN-PORTER-014-7-818x417.jpg"},"agent-image":{"file":"CHALET-EN-CALA-EN-PORTER-014-7-210x210.jpg","width":210,"height":210,"mime-type":"image\/jpeg","filesize":44988,"url":"https:\/\/movemenorca.com\/wp-content\/uploads\/CHALET-EN-CALA-EN-PORTER-014-7-210x210.jpg"},"partners-logo":{"file":"CHALET-EN-CALA-EN-PORTER-014-7-600x900.jpg","width":600,"height":900,"mime-type":"image\/jpeg","filesize":135064,"url":"https:\/\/movemenorca.com\/wp-content\/uploads\/CHALET-EN-CALA-EN-PORTER-014-7-600x900.jpg"},"post-featured-image":{"file":"CHALET-EN-CALA-EN-PORTER-014-7-1200x720.jpg","width":1200,"height":720,"mime-type":"image\/jpeg","filesize":197986,"url":"https:\/\/movemenorca.com\/wp-content\/uploads\/CHALET-EN-CALA-EN-PORTER-014-7-1200x720.jpg"},"cmplz_banner_image":{"file":"CHALET-EN-CALA-EN-PORTER-014-7-350x100.jpg","width":350,"height":100,"mime-type":"image\/jpeg","filesize":42804,"url":"https:\/\/movemenorca.com\/wp-content\/uploads\/CHALET-EN-CALA-EN-PORTER-014-7-350x100.jpg"}},"image_meta":{"aperture":"0","credit":"","camera":"","caption":"","created_timestamp":"1771354910","copyright":"","focal_length":"0","iso":"0","shutter_speed":"0","title":"","orientation":"0","keywords":[]},"ID":"151927","name":"CHALET-EN-CALA-EN-PORTER-014-7.jpg","path":"\/home\/u274812967\/domains\/movemenorca.com\/public_html\/wp-content\/uploads\/CHALET-EN-CALA-EN-PORTER-014-7.jpg","url":"https:\/\/movemenorca.com\/wp-content\/uploads\/CHALET-EN-CALA-EN-PORTER-014-7-150x150.jpg","full_url":"https:\/\/movemenorca.com\/wp-content\/uploads\/CHALET-EN-CALA-EN-PORTER-014-7.jpg","title":"CHALET EN CALA EN PORTER 014","caption":"","description":"","alt":"","srcset":"https:\/\/movemenorca.com\/wp-content\/uploads\/CHALET-EN-CALA-EN-PORTER-014-7-150x150.jpg 150w, https:\/\/movemenorca.com\/wp-content\/uploads\/CHALET-EN-CALA-EN-PORTER-014-7-210x210.jpg 210w"},{"width":150,"height":150,"file":"CHALET-EN-CALA-EN-PORTER-015-6.jpg","filesize":257462,"sizes":{"medium":{"file":"CHALET-EN-CALA-EN-PORTER-015-6-300x225.jpg","width":300,"height":225,"mime-type":"image\/jpeg","filesize":48841,"url":"https:\/\/movemenorca.com\/wp-content\/uploads\/CHALET-EN-CALA-EN-PORTER-015-6-300x225.jpg"},"large":{"file":"CHALET-EN-CALA-EN-PORTER-015-6-1024x768.jpg","width":1024,"height":768,"mime-type":"image\/jpeg","filesize":175026,"url":"https:\/\/movemenorca.com\/wp-content\/uploads\/CHALET-EN-CALA-EN-PORTER-015-6-1024x768.jpg"},"thumbnail":{"file":"CHALET-EN-CALA-EN-PORTER-015-6-150x150.jpg","width":150,"height":150,"mime-type":"image\/jpeg","filesize":38129,"url":"https:\/\/movemenorca.com\/wp-content\/uploads\/CHALET-EN-CALA-EN-PORTER-015-6-150x150.jpg"},"medium_large":{"file":"CHALET-EN-CALA-EN-PORTER-015-6-768x576.jpg","width":768,"height":576,"mime-type":"image\/jpeg","filesize":118008,"url":"https:\/\/movemenorca.com\/wp-content\/uploads\/CHALET-EN-CALA-EN-PORTER-015-6-768x576.jpg"},"post-thumbnail":{"file":"CHALET-EN-CALA-EN-PORTER-015-6-150x113.jpg","width":150,"height":113,"mime-type":"image\/jpeg","filesize":37082,"url":"https:\/\/movemenorca.com\/wp-content\/uploads\/CHALET-EN-CALA-EN-PORTER-015-6-150x113.jpg"},"modern-property-child-slider":{"file":"CHALET-EN-CALA-EN-PORTER-015-6-680x510.jpg","width":680,"height":510,"mime-type":"image\/jpeg","filesize":101383,"url":"https:\/\/movemenorca.com\/wp-content\/uploads\/CHALET-EN-CALA-EN-PORTER-015-6-680x510.jpg"},"property-thumb-image":{"file":"CHALET-EN-CALA-EN-PORTER-015-6-488x326.jpg","width":488,"height":326,"mime-type":"image\/jpeg","filesize":67073,"url":"https:\/\/movemenorca.com\/wp-content\/uploads\/CHALET-EN-CALA-EN-PORTER-015-6-488x326.jpg"},"property-detail-video-image":{"file":"CHALET-EN-CALA-EN-PORTER-015-6-818x417.jpg","width":818,"height":417,"mime-type":"image\/jpeg","filesize":103489,"url":"https:\/\/movemenorca.com\/wp-content\/uploads\/CHALET-EN-CALA-EN-PORTER-015-6-818x417.jpg"},"agent-image":{"file":"CHALET-EN-CALA-EN-PORTER-015-6-210x210.jpg","width":210,"height":210,"mime-type":"image\/jpeg","filesize":43276,"url":"https:\/\/movemenorca.com\/wp-content\/uploads\/CHALET-EN-CALA-EN-PORTER-015-6-210x210.jpg"},"partners-logo":{"file":"CHALET-EN-CALA-EN-PORTER-015-6-600x900.jpg","width":600,"height":900,"mime-type":"image\/jpeg","filesize":145018,"url":"https:\/\/movemenorca.com\/wp-content\/uploads\/CHALET-EN-CALA-EN-PORTER-015-6-600x900.jpg"},"post-featured-image":{"file":"CHALET-EN-CALA-EN-PORTER-015-6-1200x720.jpg","width":1200,"height":720,"mime-type":"image\/jpeg","filesize":205060,"url":"https:\/\/movemenorca.com\/wp-content\/uploads\/CHALET-EN-CALA-EN-PORTER-015-6-1200x720.jpg"},"cmplz_banner_image":{"file":"CHALET-EN-CALA-EN-PORTER-015-6-350x100.jpg","width":350,"height":100,"mime-type":"image\/jpeg","filesize":41781,"url":"https:\/\/movemenorca.com\/wp-content\/uploads\/CHALET-EN-CALA-EN-PORTER-015-6-350x100.jpg"}},"image_meta":{"aperture":"0","credit":"","camera":"","caption":"","created_timestamp":"1771354920","copyright":"","focal_length":"0","iso":"0","shutter_speed":"0","title":"","orientation":"0","keywords":[]},"ID":"151930","name":"CHALET-EN-CALA-EN-PORTER-015-6.jpg","path":"\/home\/u274812967\/domains\/movemenorca.com\/public_html\/wp-content\/uploads\/CHALET-EN-CALA-EN-PORTER-015-6.jpg","url":"https:\/\/movemenorca.com\/wp-content\/uploads\/CHALET-EN-CALA-EN-PORTER-015-6-150x150.jpg","full_url":"https:\/\/movemenorca.com\/wp-content\/uploads\/CHALET-EN-CALA-EN-PORTER-015-6.jpg","title":"CHALET EN CALA EN PORTER 015","caption":"","description":"","alt":"","srcset":"https:\/\/movemenorca.com\/wp-content\/uploads\/CHALET-EN-CALA-EN-PORTER-015-6-150x150.jpg 150w, https:\/\/movemenorca.com\/wp-content\/uploads\/CHALET-EN-CALA-EN-PORTER-015-6-210x210.jpg 210w"},{"width":150,"height":150,"file":"CHALET-EN-CALA-EN-PORTER-004-8.jpg","filesize":239544,"sizes":{"medium":{"file":"CHALET-EN-CALA-EN-PORTER-004-8-300x225.jpg","width":300,"height":225,"mime-type":"image\/jpeg","filesize":46685,"url":"https:\/\/movemenorca.com\/wp-content\/uploads\/CHALET-EN-CALA-EN-PORTER-004-8-300x225.jpg"},"large":{"file":"CHALET-EN-CALA-EN-PORTER-004-8-1024x768.jpg","width":1024,"height":768,"mime-type":"image\/jpeg","filesize":172824,"url":"https:\/\/movemenorca.com\/wp-content\/uploads\/CHALET-EN-CALA-EN-PORTER-004-8-1024x768.jpg"},"thumbnail":{"file":"CHALET-EN-CALA-EN-PORTER-004-8-150x150.jpg","width":150,"height":150,"mime-type":"image\/jpeg","filesize":35943,"url":"https:\/\/movemenorca.com\/wp-content\/uploads\/CHALET-EN-CALA-EN-PORTER-004-8-150x150.jpg"},"medium_large":{"file":"CHALET-EN-CALA-EN-PORTER-004-8-768x576.jpg","width":768,"height":576,"mime-type":"image\/jpeg","filesize":118220,"url":"https:\/\/movemenorca.com\/wp-content\/uploads\/CHALET-EN-CALA-EN-PORTER-004-8-768x576.jpg"},"post-thumbnail":{"file":"CHALET-EN-CALA-EN-PORTER-004-8-150x113.jpg","width":150,"height":113,"mime-type":"image\/jpeg","filesize":35428,"url":"https:\/\/movemenorca.com\/wp-content\/uploads\/CHALET-EN-CALA-EN-PORTER-004-8-150x113.jpg"},"modern-property-child-slider":{"file":"CHALET-EN-CALA-EN-PORTER-004-8-680x510.jpg","width":680,"height":510,"mime-type":"image\/jpeg","filesize":101669,"url":"https:\/\/movemenorca.com\/wp-content\/uploads\/CHALET-EN-CALA-EN-PORTER-004-8-680x510.jpg"},"property-thumb-image":{"file":"CHALET-EN-CALA-EN-PORTER-004-8-488x326.jpg","width":488,"height":326,"mime-type":"image\/jpeg","filesize":66397,"url":"https:\/\/movemenorca.com\/wp-content\/uploads\/CHALET-EN-CALA-EN-PORTER-004-8-488x326.jpg"},"property-detail-video-image":{"file":"CHALET-EN-CALA-EN-PORTER-004-8-818x417.jpg","width":818,"height":417,"mime-type":"image\/jpeg","filesize":106327,"url":"https:\/\/movemenorca.com\/wp-content\/uploads\/CHALET-EN-CALA-EN-PORTER-004-8-818x417.jpg"},"agent-image":{"file":"CHALET-EN-CALA-EN-PORTER-004-8-210x210.jpg","width":210,"height":210,"mime-type":"image\/jpeg","filesize":40276,"url":"https:\/\/movemenorca.com\/wp-content\/uploads\/CHALET-EN-CALA-EN-PORTER-004-8-210x210.jpg"},"partners-logo":{"file":"CHALET-EN-CALA-EN-PORTER-004-8-600x900.jpg","width":600,"height":900,"mime-type":"image\/jpeg","filesize":115336,"url":"https:\/\/movemenorca.com\/wp-content\/uploads\/CHALET-EN-CALA-EN-PORTER-004-8-600x900.jpg"},"post-featured-image":{"file":"CHALET-EN-CALA-EN-PORTER-004-8-1200x720.jpg","width":1200,"height":720,"mime-type":"image\/jpeg","filesize":197479,"url":"https:\/\/movemenorca.com\/wp-content\/uploads\/CHALET-EN-CALA-EN-PORTER-004-8-1200x720.jpg"},"cmplz_banner_image":{"file":"CHALET-EN-CALA-EN-PORTER-004-8-350x100.jpg","width":350,"height":100,"mime-type":"image\/jpeg","filesize":41150,"url":"https:\/\/movemenorca.com\/wp-content\/uploads\/CHALET-EN-CALA-EN-PORTER-004-8-350x100.jpg"}},"image_meta":{"aperture":"0","credit":"","camera":"","caption":"","created_timestamp":"1771354858","copyright":"","focal_length":"0","iso":"0","shutter_speed":"0","title":"","orientation":"0","keywords":[]},"ID":"151915","name":"CHALET-EN-CALA-EN-PORTER-004-8.jpg","path":"\/home\/u274812967\/domains\/movemenorca.com\/public_html\/wp-content\/uploads\/CHALET-EN-CALA-EN-PORTER-004-8.jpg","url":"https:\/\/movemenorca.com\/wp-content\/uploads\/CHALET-EN-CALA-EN-PORTER-004-8-150x150.jpg","full_url":"https:\/\/movemenorca.com\/wp-content\/uploads\/CHALET-EN-CALA-EN-PORTER-004-8.jpg","title":"Villa for sale in Cala en Porter Menorca","caption":"Villa for sale in Cala en Porter Menorca","description":"Villa for sale in Cala en Porter Menorca","alt":"Villa for sale in Cala en Porter Menorca","srcset":"https:\/\/movemenorca.com\/wp-content\/uploads\/CHALET-EN-CALA-EN-PORTER-004-8-150x150.jpg 150w, https:\/\/movemenorca.com\/wp-content\/uploads\/CHALET-EN-CALA-EN-PORTER-004-8-210x210.jpg 210w"},{"width":150,"height":150,"file":"CHALET-EN-CALA-EN-PORTER-003-9.jpg","filesize":262040,"sizes":{"medium":{"file":"CHALET-EN-CALA-EN-PORTER-003-9-300x225.jpg","width":300,"height":225,"mime-type":"image\/jpeg","filesize":51143,"url":"https:\/\/movemenorca.com\/wp-content\/uploads\/CHALET-EN-CALA-EN-PORTER-003-9-300x225.jpg"},"large":{"file":"CHALET-EN-CALA-EN-PORTER-003-9-1024x768.jpg","width":1024,"height":768,"mime-type":"image\/jpeg","filesize":189874,"url":"https:\/\/movemenorca.com\/wp-content\/uploads\/CHALET-EN-CALA-EN-PORTER-003-9-1024x768.jpg"},"thumbnail":{"file":"CHALET-EN-CALA-EN-PORTER-003-9-150x150.jpg","width":150,"height":150,"mime-type":"image\/jpeg","filesize":39394,"url":"https:\/\/movemenorca.com\/wp-content\/uploads\/CHALET-EN-CALA-EN-PORTER-003-9-150x150.jpg"},"medium_large":{"file":"CHALET-EN-CALA-EN-PORTER-003-9-768x576.jpg","width":768,"height":576,"mime-type":"image\/jpeg","filesize":130817,"url":"https:\/\/movemenorca.com\/wp-content\/uploads\/CHALET-EN-CALA-EN-PORTER-003-9-768x576.jpg"},"post-thumbnail":{"file":"CHALET-EN-CALA-EN-PORTER-003-9-150x113.jpg","width":150,"height":113,"mime-type":"image\/jpeg","filesize":38287,"url":"https:\/\/movemenorca.com\/wp-content\/uploads\/CHALET-EN-CALA-EN-PORTER-003-9-150x113.jpg"},"modern-property-child-slider":{"file":"CHALET-EN-CALA-EN-PORTER-003-9-680x510.jpg","width":680,"height":510,"mime-type":"image\/jpeg","filesize":112553,"url":"https:\/\/movemenorca.com\/wp-content\/uploads\/CHALET-EN-CALA-EN-PORTER-003-9-680x510.jpg"},"property-thumb-image":{"file":"CHALET-EN-CALA-EN-PORTER-003-9-488x326.jpg","width":488,"height":326,"mime-type":"image\/jpeg","filesize":73489,"url":"https:\/\/movemenorca.com\/wp-content\/uploads\/CHALET-EN-CALA-EN-PORTER-003-9-488x326.jpg"},"property-detail-video-image":{"file":"CHALET-EN-CALA-EN-PORTER-003-9-818x417.jpg","width":818,"height":417,"mime-type":"image\/jpeg","filesize":116460,"url":"https:\/\/movemenorca.com\/wp-content\/uploads\/CHALET-EN-CALA-EN-PORTER-003-9-818x417.jpg"},"agent-image":{"file":"CHALET-EN-CALA-EN-PORTER-003-9-210x210.jpg","width":210,"height":210,"mime-type":"image\/jpeg","filesize":44954,"url":"https:\/\/movemenorca.com\/wp-content\/uploads\/CHALET-EN-CALA-EN-PORTER-003-9-210x210.jpg"},"partners-logo":{"file":"CHALET-EN-CALA-EN-PORTER-003-9-600x900.jpg","width":600,"height":900,"mime-type":"image\/jpeg","filesize":134450,"url":"https:\/\/movemenorca.com\/wp-content\/uploads\/CHALET-EN-CALA-EN-PORTER-003-9-600x900.jpg"},"post-featured-image":{"file":"CHALET-EN-CALA-EN-PORTER-003-9-1200x720.jpg","width":1200,"height":720,"mime-type":"image\/jpeg","filesize":217192,"url":"https:\/\/movemenorca.com\/wp-content\/uploads\/CHALET-EN-CALA-EN-PORTER-003-9-1200x720.jpg"},"cmplz_banner_image":{"file":"CHALET-EN-CALA-EN-PORTER-003-9-350x100.jpg","width":350,"height":100,"mime-type":"image\/jpeg","filesize":45461,"url":"https:\/\/movemenorca.com\/wp-content\/uploads\/CHALET-EN-CALA-EN-PORTER-003-9-350x100.jpg"}},"image_meta":{"aperture":"0","credit":"","camera":"","caption":"","created_timestamp":"1771354847","copyright":"","focal_length":"0","iso":"0","shutter_speed":"0","title":"","orientation":"0","keywords":[]},"ID":"151912","name":"CHALET-EN-CALA-EN-PORTER-003-9.jpg","path":"\/home\/u274812967\/domains\/movemenorca.com\/public_html\/wp-content\/uploads\/CHALET-EN-CALA-EN-PORTER-003-9.jpg","url":"https:\/\/movemenorca.com\/wp-content\/uploads\/CHALET-EN-CALA-EN-PORTER-003-9-150x150.jpg","full_url":"https:\/\/movemenorca.com\/wp-content\/uploads\/CHALET-EN-CALA-EN-PORTER-003-9.jpg","title":"CHALET EN CALA EN PORTER 003","caption":"","description":"","alt":"","srcset":"https:\/\/movemenorca.com\/wp-content\/uploads\/CHALET-EN-CALA-EN-PORTER-003-9-150x150.jpg 150w, https:\/\/movemenorca.com\/wp-content\/uploads\/CHALET-EN-CALA-EN-PORTER-003-9-210x210.jpg 210w"},{"width":150,"height":150,"file":"CHALET-EN-CALA-EN-PORTER-008-3.jpg","filesize":190824,"sizes":{"medium":{"file":"CHALET-EN-CALA-EN-PORTER-008-3-300x225.jpg","width":300,"height":225,"mime-type":"image\/jpeg","filesize":40405,"url":"https:\/\/movemenorca.com\/wp-content\/uploads\/CHALET-EN-CALA-EN-PORTER-008-3-300x225.jpg"},"large":{"file":"CHALET-EN-CALA-EN-PORTER-008-3-1024x768.jpg","width":1024,"height":768,"mime-type":"image\/jpeg","filesize":137954,"url":"https:\/\/movemenorca.com\/wp-content\/uploads\/CHALET-EN-CALA-EN-PORTER-008-3-1024x768.jpg"},"thumbnail":{"file":"CHALET-EN-CALA-EN-PORTER-008-3-150x150.jpg","width":150,"height":150,"mime-type":"image\/jpeg","filesize":31997,"url":"https:\/\/movemenorca.com\/wp-content\/uploads\/CHALET-EN-CALA-EN-PORTER-008-3-150x150.jpg"},"medium_large":{"file":"CHALET-EN-CALA-EN-PORTER-008-3-768x576.jpg","width":768,"height":576,"mime-type":"image\/jpeg","filesize":94664,"url":"https:\/\/movemenorca.com\/wp-content\/uploads\/CHALET-EN-CALA-EN-PORTER-008-3-768x576.jpg"},"post-thumbnail":{"file":"CHALET-EN-CALA-EN-PORTER-008-3-150x113.jpg","width":150,"height":113,"mime-type":"image\/jpeg","filesize":31388,"url":"https:\/\/movemenorca.com\/wp-content\/uploads\/CHALET-EN-CALA-EN-PORTER-008-3-150x113.jpg"},"modern-property-child-slider":{"file":"CHALET-EN-CALA-EN-PORTER-008-3-680x510.jpg","width":680,"height":510,"mime-type":"image\/jpeg","filesize":81789,"url":"https:\/\/movemenorca.com\/wp-content\/uploads\/CHALET-EN-CALA-EN-PORTER-008-3-680x510.jpg"},"property-thumb-image":{"file":"CHALET-EN-CALA-EN-PORTER-008-3-488x326.jpg","width":488,"height":326,"mime-type":"image\/jpeg","filesize":55590,"url":"https:\/\/movemenorca.com\/wp-content\/uploads\/CHALET-EN-CALA-EN-PORTER-008-3-488x326.jpg"},"property-detail-video-image":{"file":"CHALET-EN-CALA-EN-PORTER-008-3-818x417.jpg","width":818,"height":417,"mime-type":"image\/jpeg","filesize":88278,"url":"https:\/\/movemenorca.com\/wp-content\/uploads\/CHALET-EN-CALA-EN-PORTER-008-3-818x417.jpg"},"agent-image":{"file":"CHALET-EN-CALA-EN-PORTER-008-3-210x210.jpg","width":210,"height":210,"mime-type":"image\/jpeg","filesize":35679,"url":"https:\/\/movemenorca.com\/wp-content\/uploads\/CHALET-EN-CALA-EN-PORTER-008-3-210x210.jpg"},"partners-logo":{"file":"CHALET-EN-CALA-EN-PORTER-008-3-600x900.jpg","width":600,"height":900,"mime-type":"image\/jpeg","filesize":101137,"url":"https:\/\/movemenorca.com\/wp-content\/uploads\/CHALET-EN-CALA-EN-PORTER-008-3-600x900.jpg"},"post-featured-image":{"file":"CHALET-EN-CALA-EN-PORTER-008-3-1200x720.jpg","width":1200,"height":720,"mime-type":"image\/jpeg","filesize":163953,"url":"https:\/\/movemenorca.com\/wp-content\/uploads\/CHALET-EN-CALA-EN-PORTER-008-3-1200x720.jpg"},"cmplz_banner_image":{"file":"CHALET-EN-CALA-EN-PORTER-008-3-350x100.jpg","width":350,"height":100,"mime-type":"image\/jpeg","filesize":37202,"url":"https:\/\/movemenorca.com\/wp-content\/uploads\/CHALET-EN-CALA-EN-PORTER-008-3-350x100.jpg"}},"image_meta":{"aperture":"0","credit":"","camera":"","caption":"","created_timestamp":"1771354877","copyright":"","focal_length":"0","iso":"0","shutter_speed":"0","title":"","orientation":"0","keywords":[]},"ID":"151921","name":"CHALET-EN-CALA-EN-PORTER-008-3.jpg","path":"\/home\/u274812967\/domains\/movemenorca.com\/public_html\/wp-content\/uploads\/CHALET-EN-CALA-EN-PORTER-008-3.jpg","url":"https:\/\/movemenorca.com\/wp-content\/uploads\/CHALET-EN-CALA-EN-PORTER-008-3-150x150.jpg","full_url":"https:\/\/movemenorca.com\/wp-content\/uploads\/CHALET-EN-CALA-EN-PORTER-008-3.jpg","title":"CHALET EN CALA EN PORTER 008","caption":"","description":"","alt":"","srcset":"https:\/\/movemenorca.com\/wp-content\/uploads\/CHALET-EN-CALA-EN-PORTER-008-3-150x150.jpg 150w, https:\/\/movemenorca.com\/wp-content\/uploads\/CHALET-EN-CALA-EN-PORTER-008-3-210x210.jpg 210w"},{"width":150,"height":150,"file":"CHALET-EN-CALA-EN-PORTER-016-7.jpg","filesize":183934,"sizes":{"medium":{"file":"CHALET-EN-CALA-EN-PORTER-016-7-300x225.jpg","width":300,"height":225,"mime-type":"image\/jpeg","filesize":38158,"url":"https:\/\/movemenorca.com\/wp-content\/uploads\/CHALET-EN-CALA-EN-PORTER-016-7-300x225.jpg"},"large":{"file":"CHALET-EN-CALA-EN-PORTER-016-7-1024x768.jpg","width":1024,"height":768,"mime-type":"image\/jpeg","filesize":128677,"url":"https:\/\/movemenorca.com\/wp-content\/uploads\/CHALET-EN-CALA-EN-PORTER-016-7-1024x768.jpg"},"thumbnail":{"file":"CHALET-EN-CALA-EN-PORTER-016-7-150x150.jpg","width":150,"height":150,"mime-type":"image\/jpeg","filesize":30645,"url":"https:\/\/movemenorca.com\/wp-content\/uploads\/CHALET-EN-CALA-EN-PORTER-016-7-150x150.jpg"},"medium_large":{"file":"CHALET-EN-CALA-EN-PORTER-016-7-768x576.jpg","width":768,"height":576,"mime-type":"image\/jpeg","filesize":87023,"url":"https:\/\/movemenorca.com\/wp-content\/uploads\/CHALET-EN-CALA-EN-PORTER-016-7-768x576.jpg"},"post-thumbnail":{"file":"CHALET-EN-CALA-EN-PORTER-016-7-150x113.jpg","width":150,"height":113,"mime-type":"image\/jpeg","filesize":30142,"url":"https:\/\/movemenorca.com\/wp-content\/uploads\/CHALET-EN-CALA-EN-PORTER-016-7-150x113.jpg"},"modern-property-child-slider":{"file":"CHALET-EN-CALA-EN-PORTER-016-7-680x510.jpg","width":680,"height":510,"mime-type":"image\/jpeg","filesize":75047,"url":"https:\/\/movemenorca.com\/wp-content\/uploads\/CHALET-EN-CALA-EN-PORTER-016-7-680x510.jpg"},"property-thumb-image":{"file":"CHALET-EN-CALA-EN-PORTER-016-7-488x326.jpg","width":488,"height":326,"mime-type":"image\/jpeg","filesize":50998,"url":"https:\/\/movemenorca.com\/wp-content\/uploads\/CHALET-EN-CALA-EN-PORTER-016-7-488x326.jpg"},"property-detail-video-image":{"file":"CHALET-EN-CALA-EN-PORTER-016-7-818x417.jpg","width":818,"height":417,"mime-type":"image\/jpeg","filesize":77623,"url":"https:\/\/movemenorca.com\/wp-content\/uploads\/CHALET-EN-CALA-EN-PORTER-016-7-818x417.jpg"},"agent-image":{"file":"CHALET-EN-CALA-EN-PORTER-016-7-210x210.jpg","width":210,"height":210,"mime-type":"image\/jpeg","filesize":34090,"url":"https:\/\/movemenorca.com\/wp-content\/uploads\/CHALET-EN-CALA-EN-PORTER-016-7-210x210.jpg"},"partners-logo":{"file":"CHALET-EN-CALA-EN-PORTER-016-7-600x900.jpg","width":600,"height":900,"mime-type":"image\/jpeg","filesize":103530,"url":"https:\/\/movemenorca.com\/wp-content\/uploads\/CHALET-EN-CALA-EN-PORTER-016-7-600x900.jpg"},"post-featured-image":{"file":"CHALET-EN-CALA-EN-PORTER-016-7-1200x720.jpg","width":1200,"height":720,"mime-type":"image\/jpeg","filesize":152405,"url":"https:\/\/movemenorca.com\/wp-content\/uploads\/CHALET-EN-CALA-EN-PORTER-016-7-1200x720.jpg"},"cmplz_banner_image":{"file":"CHALET-EN-CALA-EN-PORTER-016-7-350x100.jpg","width":350,"height":100,"mime-type":"image\/jpeg","filesize":33668,"url":"https:\/\/movemenorca.com\/wp-content\/uploads\/CHALET-EN-CALA-EN-PORTER-016-7-350x100.jpg"}},"image_meta":{"aperture":"0","credit":"","camera":"","caption":"","created_timestamp":"1771354931","copyright":"","focal_length":"0","iso":"0","shutter_speed":"0","title":"","orientation":"0","keywords":[]},"ID":"151933","name":"CHALET-EN-CALA-EN-PORTER-016-7.jpg","path":"\/home\/u274812967\/domains\/movemenorca.com\/public_html\/wp-content\/uploads\/CHALET-EN-CALA-EN-PORTER-016-7.jpg","url":"https:\/\/movemenorca.com\/wp-content\/uploads\/CHALET-EN-CALA-EN-PORTER-016-7-150x150.jpg","full_url":"https:\/\/movemenorca.com\/wp-content\/uploads\/CHALET-EN-CALA-EN-PORTER-016-7.jpg","title":"CHALET EN CALA EN PORTER 016","caption":"","description":"","alt":"","srcset":"https:\/\/movemenorca.com\/wp-content\/uploads\/CHALET-EN-CALA-EN-PORTER-016-7-150x150.jpg 150w, https:\/\/movemenorca.com\/wp-content\/uploads\/CHALET-EN-CALA-EN-PORTER-016-7-210x210.jpg 210w"},{"width":150,"height":150,"file":"CHALET-EN-CALA-EN-PORTER-018-5.jpg","filesize":187250,"sizes":{"medium":{"file":"CHALET-EN-CALA-EN-PORTER-018-5-300x225.jpg","width":300,"height":225,"mime-type":"image\/jpeg","filesize":39707,"url":"https:\/\/movemenorca.com\/wp-content\/uploads\/CHALET-EN-CALA-EN-PORTER-018-5-300x225.jpg"},"large":{"file":"CHALET-EN-CALA-EN-PORTER-018-5-1024x768.jpg","width":1024,"height":768,"mime-type":"image\/jpeg","filesize":132154,"url":"https:\/\/movemenorca.com\/wp-content\/uploads\/CHALET-EN-CALA-EN-PORTER-018-5-1024x768.jpg"},"thumbnail":{"file":"CHALET-EN-CALA-EN-PORTER-018-5-150x150.jpg","width":150,"height":150,"mime-type":"image\/jpeg","filesize":31667,"url":"https:\/\/movemenorca.com\/wp-content\/uploads\/CHALET-EN-CALA-EN-PORTER-018-5-150x150.jpg"},"medium_large":{"file":"CHALET-EN-CALA-EN-PORTER-018-5-768x576.jpg","width":768,"height":576,"mime-type":"image\/jpeg","filesize":90412,"url":"https:\/\/movemenorca.com\/wp-content\/uploads\/CHALET-EN-CALA-EN-PORTER-018-5-768x576.jpg"},"post-thumbnail":{"file":"CHALET-EN-CALA-EN-PORTER-018-5-150x113.jpg","width":150,"height":113,"mime-type":"image\/jpeg","filesize":31108,"url":"https:\/\/movemenorca.com\/wp-content\/uploads\/CHALET-EN-CALA-EN-PORTER-018-5-150x113.jpg"},"modern-property-child-slider":{"file":"CHALET-EN-CALA-EN-PORTER-018-5-680x510.jpg","width":680,"height":510,"mime-type":"image\/jpeg","filesize":78074,"url":"https:\/\/movemenorca.com\/wp-content\/uploads\/CHALET-EN-CALA-EN-PORTER-018-5-680x510.jpg"},"property-thumb-image":{"file":"CHALET-EN-CALA-EN-PORTER-018-5-488x326.jpg","width":488,"height":326,"mime-type":"image\/jpeg","filesize":53372,"url":"https:\/\/movemenorca.com\/wp-content\/uploads\/CHALET-EN-CALA-EN-PORTER-018-5-488x326.jpg"},"property-detail-video-image":{"file":"CHALET-EN-CALA-EN-PORTER-018-5-818x417.jpg","width":818,"height":417,"mime-type":"image\/jpeg","filesize":81181,"url":"https:\/\/movemenorca.com\/wp-content\/uploads\/CHALET-EN-CALA-EN-PORTER-018-5-818x417.jpg"},"agent-image":{"file":"CHALET-EN-CALA-EN-PORTER-018-5-210x210.jpg","width":210,"height":210,"mime-type":"image\/jpeg","filesize":35441,"url":"https:\/\/movemenorca.com\/wp-content\/uploads\/CHALET-EN-CALA-EN-PORTER-018-5-210x210.jpg"},"partners-logo":{"file":"CHALET-EN-CALA-EN-PORTER-018-5-600x900.jpg","width":600,"height":900,"mime-type":"image\/jpeg","filesize":104209,"url":"https:\/\/movemenorca.com\/wp-content\/uploads\/CHALET-EN-CALA-EN-PORTER-018-5-600x900.jpg"},"post-featured-image":{"file":"CHALET-EN-CALA-EN-PORTER-018-5-1200x720.jpg","width":1200,"height":720,"mime-type":"image\/jpeg","filesize":156329,"url":"https:\/\/movemenorca.com\/wp-content\/uploads\/CHALET-EN-CALA-EN-PORTER-018-5-1200x720.jpg"},"cmplz_banner_image":{"file":"CHALET-EN-CALA-EN-PORTER-018-5-350x100.jpg","width":350,"height":100,"mime-type":"image\/jpeg","filesize":35228,"url":"https:\/\/movemenorca.com\/wp-content\/uploads\/CHALET-EN-CALA-EN-PORTER-018-5-350x100.jpg"}},"image_meta":{"aperture":"0","credit":"","camera":"","caption":"","created_timestamp":"1771354968","copyright":"","focal_length":"0","iso":"0","shutter_speed":"0","title":"","orientation":"0","keywords":[]},"ID":"151936","name":"CHALET-EN-CALA-EN-PORTER-018-5.jpg","path":"\/home\/u274812967\/domains\/movemenorca.com\/public_html\/wp-content\/uploads\/CHALET-EN-CALA-EN-PORTER-018-5.jpg","url":"https:\/\/movemenorca.com\/wp-content\/uploads\/CHALET-EN-CALA-EN-PORTER-018-5-150x150.jpg","full_url":"https:\/\/movemenorca.com\/wp-content\/uploads\/CHALET-EN-CALA-EN-PORTER-018-5.jpg","title":"CHALET EN CALA EN PORTER 018","caption":"","description":"","alt":"","srcset":"https:\/\/movemenorca.com\/wp-content\/uploads\/CHALET-EN-CALA-EN-PORTER-018-5-150x150.jpg 150w, https:\/\/movemenorca.com\/wp-content\/uploads\/CHALET-EN-CALA-EN-PORTER-018-5-210x210.jpg 210w"},{"width":150,"height":150,"file":"CHALET-EN-CALA-EN-PORTER-022-3.jpg","filesize":188897,"sizes":{"medium":{"file":"CHALET-EN-CALA-EN-PORTER-022-3-300x225.jpg","width":300,"height":225,"mime-type":"image\/jpeg","filesize":37752,"url":"https:\/\/movemenorca.com\/wp-content\/uploads\/CHALET-EN-CALA-EN-PORTER-022-3-300x225.jpg"},"large":{"file":"CHALET-EN-CALA-EN-PORTER-022-3-1024x768.jpg","width":1024,"height":768,"mime-type":"image\/jpeg","filesize":129921,"url":"https:\/\/movemenorca.com\/wp-content\/uploads\/CHALET-EN-CALA-EN-PORTER-022-3-1024x768.jpg"},"thumbnail":{"file":"CHALET-EN-CALA-EN-PORTER-022-3-150x150.jpg","width":150,"height":150,"mime-type":"image\/jpeg","filesize":30644,"url":"https:\/\/movemenorca.com\/wp-content\/uploads\/CHALET-EN-CALA-EN-PORTER-022-3-150x150.jpg"},"medium_large":{"file":"CHALET-EN-CALA-EN-PORTER-022-3-768x576.jpg","width":768,"height":576,"mime-type":"image\/jpeg","filesize":86610,"url":"https:\/\/movemenorca.com\/wp-content\/uploads\/CHALET-EN-CALA-EN-PORTER-022-3-768x576.jpg"},"post-thumbnail":{"file":"CHALET-EN-CALA-EN-PORTER-022-3-150x113.jpg","width":150,"height":113,"mime-type":"image\/jpeg","filesize":29773,"url":"https:\/\/movemenorca.com\/wp-content\/uploads\/CHALET-EN-CALA-EN-PORTER-022-3-150x113.jpg"},"modern-property-child-slider":{"file":"CHALET-EN-CALA-EN-PORTER-022-3-680x510.jpg","width":680,"height":510,"mime-type":"image\/jpeg","filesize":74806,"url":"https:\/\/movemenorca.com\/wp-content\/uploads\/CHALET-EN-CALA-EN-PORTER-022-3-680x510.jpg"},"property-thumb-image":{"file":"CHALET-EN-CALA-EN-PORTER-022-3-488x326.jpg","width":488,"height":326,"mime-type":"image\/jpeg","filesize":51036,"url":"https:\/\/movemenorca.com\/wp-content\/uploads\/CHALET-EN-CALA-EN-PORTER-022-3-488x326.jpg"},"property-detail-video-image":{"file":"CHALET-EN-CALA-EN-PORTER-022-3-818x417.jpg","width":818,"height":417,"mime-type":"image\/jpeg","filesize":79255,"url":"https:\/\/movemenorca.com\/wp-content\/uploads\/CHALET-EN-CALA-EN-PORTER-022-3-818x417.jpg"},"agent-image":{"file":"CHALET-EN-CALA-EN-PORTER-022-3-210x210.jpg","width":210,"height":210,"mime-type":"image\/jpeg","filesize":34244,"url":"https:\/\/movemenorca.com\/wp-content\/uploads\/CHALET-EN-CALA-EN-PORTER-022-3-210x210.jpg"},"partners-logo":{"file":"CHALET-EN-CALA-EN-PORTER-022-3-600x900.jpg","width":600,"height":900,"mime-type":"image\/jpeg","filesize":110131,"url":"https:\/\/movemenorca.com\/wp-content\/uploads\/CHALET-EN-CALA-EN-PORTER-022-3-600x900.jpg"},"post-featured-image":{"file":"CHALET-EN-CALA-EN-PORTER-022-3-1200x720.jpg","width":1200,"height":720,"mime-type":"image\/jpeg","filesize":159059,"url":"https:\/\/movemenorca.com\/wp-content\/uploads\/CHALET-EN-CALA-EN-PORTER-022-3-1200x720.jpg"},"cmplz_banner_image":{"file":"CHALET-EN-CALA-EN-PORTER-022-3-350x100.jpg","width":350,"height":100,"mime-type":"image\/jpeg","filesize":33715,"url":"https:\/\/movemenorca.com\/wp-content\/uploads\/CHALET-EN-CALA-EN-PORTER-022-3-350x100.jpg"}},"image_meta":{"aperture":"0","credit":"","camera":"","caption":"","created_timestamp":"1771355017","copyright":"","focal_length":"0","iso":"0","shutter_speed":"0","title":"","orientation":"0","keywords":[]},"ID":"151945","name":"CHALET-EN-CALA-EN-PORTER-022-3.jpg","path":"\/home\/u274812967\/domains\/movemenorca.com\/public_html\/wp-content\/uploads\/CHALET-EN-CALA-EN-PORTER-022-3.jpg","url":"https:\/\/movemenorca.com\/wp-content\/uploads\/CHALET-EN-CALA-EN-PORTER-022-3-150x150.jpg","full_url":"https:\/\/movemenorca.com\/wp-content\/uploads\/CHALET-EN-CALA-EN-PORTER-022-3.jpg","title":"CHALET EN CALA EN PORTER 022","caption":"","description":"","alt":"","srcset":"https:\/\/movemenorca.com\/wp-content\/uploads\/CHALET-EN-CALA-EN-PORTER-022-3-150x150.jpg 150w, https:\/\/movemenorca.com\/wp-content\/uploads\/CHALET-EN-CALA-EN-PORTER-022-3-210x210.jpg 210w"},{"width":150,"height":150,"file":"CHALET-EN-CALA-EN-PORTER-024-9.jpg","filesize":197262,"sizes":{"medium":{"file":"CHALET-EN-CALA-EN-PORTER-024-9-300x225.jpg","width":300,"height":225,"mime-type":"image\/jpeg","filesize":40405,"url":"https:\/\/movemenorca.com\/wp-content\/uploads\/CHALET-EN-CALA-EN-PORTER-024-9-300x225.jpg"},"large":{"file":"CHALET-EN-CALA-EN-PORTER-024-9-1024x768.jpg","width":1024,"height":768,"mime-type":"image\/jpeg","filesize":137729,"url":"https:\/\/movemenorca.com\/wp-content\/uploads\/CHALET-EN-CALA-EN-PORTER-024-9-1024x768.jpg"},"thumbnail":{"file":"CHALET-EN-CALA-EN-PORTER-024-9-150x150.jpg","width":150,"height":150,"mime-type":"image\/jpeg","filesize":32384,"url":"https:\/\/movemenorca.com\/wp-content\/uploads\/CHALET-EN-CALA-EN-PORTER-024-9-150x150.jpg"},"medium_large":{"file":"CHALET-EN-CALA-EN-PORTER-024-9-768x576.jpg","width":768,"height":576,"mime-type":"image\/jpeg","filesize":93987,"url":"https:\/\/movemenorca.com\/wp-content\/uploads\/CHALET-EN-CALA-EN-PORTER-024-9-768x576.jpg"},"post-thumbnail":{"file":"CHALET-EN-CALA-EN-PORTER-024-9-150x113.jpg","width":150,"height":113,"mime-type":"image\/jpeg","filesize":31723,"url":"https:\/\/movemenorca.com\/wp-content\/uploads\/CHALET-EN-CALA-EN-PORTER-024-9-150x113.jpg"},"modern-property-child-slider":{"file":"CHALET-EN-CALA-EN-PORTER-024-9-680x510.jpg","width":680,"height":510,"mime-type":"image\/jpeg","filesize":81100,"url":"https:\/\/movemenorca.com\/wp-content\/uploads\/CHALET-EN-CALA-EN-PORTER-024-9-680x510.jpg"},"property-thumb-image":{"file":"CHALET-EN-CALA-EN-PORTER-024-9-488x326.jpg","width":488,"height":326,"mime-type":"image\/jpeg","filesize":54984,"url":"https:\/\/movemenorca.com\/wp-content\/uploads\/CHALET-EN-CALA-EN-PORTER-024-9-488x326.jpg"},"property-detail-video-image":{"file":"CHALET-EN-CALA-EN-PORTER-024-9-818x417.jpg","width":818,"height":417,"mime-type":"image\/jpeg","filesize":84485,"url":"https:\/\/movemenorca.com\/wp-content\/uploads\/CHALET-EN-CALA-EN-PORTER-024-9-818x417.jpg"},"agent-image":{"file":"CHALET-EN-CALA-EN-PORTER-024-9-210x210.jpg","width":210,"height":210,"mime-type":"image\/jpeg","filesize":36155,"url":"https:\/\/movemenorca.com\/wp-content\/uploads\/CHALET-EN-CALA-EN-PORTER-024-9-210x210.jpg"},"partners-logo":{"file":"CHALET-EN-CALA-EN-PORTER-024-9-600x900.jpg","width":600,"height":900,"mime-type":"image\/jpeg","filesize":112193,"url":"https:\/\/movemenorca.com\/wp-content\/uploads\/CHALET-EN-CALA-EN-PORTER-024-9-600x900.jpg"},"post-featured-image":{"file":"CHALET-EN-CALA-EN-PORTER-024-9-1200x720.jpg","width":1200,"height":720,"mime-type":"image\/jpeg","filesize":166214,"url":"https:\/\/movemenorca.com\/wp-content\/uploads\/CHALET-EN-CALA-EN-PORTER-024-9-1200x720.jpg"},"cmplz_banner_image":{"file":"CHALET-EN-CALA-EN-PORTER-024-9-350x100.jpg","width":350,"height":100,"mime-type":"image\/jpeg","filesize":36155,"url":"https:\/\/movemenorca.com\/wp-content\/uploads\/CHALET-EN-CALA-EN-PORTER-024-9-350x100.jpg"}},"image_meta":{"aperture":"0","credit":"","camera":"","caption":"","created_timestamp":"1771355037","copyright":"","focal_length":"0","iso":"0","shutter_speed":"0","title":"","orientation":"0","keywords":[]},"ID":"151948","name":"CHALET-EN-CALA-EN-PORTER-024-9.jpg","path":"\/home\/u274812967\/domains\/movemenorca.com\/public_html\/wp-content\/uploads\/CHALET-EN-CALA-EN-PORTER-024-9.jpg","url":"https:\/\/movemenorca.com\/wp-content\/uploads\/CHALET-EN-CALA-EN-PORTER-024-9-150x150.jpg","full_url":"https:\/\/movemenorca.com\/wp-content\/uploads\/CHALET-EN-CALA-EN-PORTER-024-9.jpg","title":"CHALET EN CALA EN PORTER 024","caption":"","description":"","alt":"","srcset":"https:\/\/movemenorca.com\/wp-content\/uploads\/CHALET-EN-CALA-EN-PORTER-024-9-150x150.jpg 150w, https:\/\/movemenorca.com\/wp-content\/uploads\/CHALET-EN-CALA-EN-PORTER-024-9-210x210.jpg 210w"},{"width":150,"height":150,"file":"CHALET-EN-CALA-EN-PORTER-025-4.jpg","filesize":188915,"sizes":{"medium":{"file":"CHALET-EN-CALA-EN-PORTER-025-4-300x225.jpg","width":300,"height":225,"mime-type":"image\/jpeg","filesize":39572,"url":"https:\/\/movemenorca.com\/wp-content\/uploads\/CHALET-EN-CALA-EN-PORTER-025-4-300x225.jpg"},"large":{"file":"CHALET-EN-CALA-EN-PORTER-025-4-1024x768.jpg","width":1024,"height":768,"mime-type":"image\/jpeg","filesize":132011,"url":"https:\/\/movemenorca.com\/wp-content\/uploads\/CHALET-EN-CALA-EN-PORTER-025-4-1024x768.jpg"},"thumbnail":{"file":"CHALET-EN-CALA-EN-PORTER-025-4-150x150.jpg","width":150,"height":150,"mime-type":"image\/jpeg","filesize":31564,"url":"https:\/\/movemenorca.com\/wp-content\/uploads\/CHALET-EN-CALA-EN-PORTER-025-4-150x150.jpg"},"medium_large":{"file":"CHALET-EN-CALA-EN-PORTER-025-4-768x576.jpg","width":768,"height":576,"mime-type":"image\/jpeg","filesize":90159,"url":"https:\/\/movemenorca.com\/wp-content\/uploads\/CHALET-EN-CALA-EN-PORTER-025-4-768x576.jpg"},"post-thumbnail":{"file":"CHALET-EN-CALA-EN-PORTER-025-4-150x113.jpg","width":150,"height":113,"mime-type":"image\/jpeg","filesize":30995,"url":"https:\/\/movemenorca.com\/wp-content\/uploads\/CHALET-EN-CALA-EN-PORTER-025-4-150x113.jpg"},"modern-property-child-slider":{"file":"CHALET-EN-CALA-EN-PORTER-025-4-680x510.jpg","width":680,"height":510,"mime-type":"image\/jpeg","filesize":78271,"url":"https:\/\/movemenorca.com\/wp-content\/uploads\/CHALET-EN-CALA-EN-PORTER-025-4-680x510.jpg"},"property-thumb-image":{"file":"CHALET-EN-CALA-EN-PORTER-025-4-488x326.jpg","width":488,"height":326,"mime-type":"image\/jpeg","filesize":53003,"url":"https:\/\/movemenorca.com\/wp-content\/uploads\/CHALET-EN-CALA-EN-PORTER-025-4-488x326.jpg"},"property-detail-video-image":{"file":"CHALET-EN-CALA-EN-PORTER-025-4-818x417.jpg","width":818,"height":417,"mime-type":"image\/jpeg","filesize":80285,"url":"https:\/\/movemenorca.com\/wp-content\/uploads\/CHALET-EN-CALA-EN-PORTER-025-4-818x417.jpg"},"agent-image":{"file":"CHALET-EN-CALA-EN-PORTER-025-4-210x210.jpg","width":210,"height":210,"mime-type":"image\/jpeg","filesize":35267,"url":"https:\/\/movemenorca.com\/wp-content\/uploads\/CHALET-EN-CALA-EN-PORTER-025-4-210x210.jpg"},"partners-logo":{"file":"CHALET-EN-CALA-EN-PORTER-025-4-600x900.jpg","width":600,"height":900,"mime-type":"image\/jpeg","filesize":106504,"url":"https:\/\/movemenorca.com\/wp-content\/uploads\/CHALET-EN-CALA-EN-PORTER-025-4-600x900.jpg"},"post-featured-image":{"file":"CHALET-EN-CALA-EN-PORTER-025-4-1200x720.jpg","width":1200,"height":720,"mime-type":"image\/jpeg","filesize":156039,"url":"https:\/\/movemenorca.com\/wp-content\/uploads\/CHALET-EN-CALA-EN-PORTER-025-4-1200x720.jpg"},"cmplz_banner_image":{"file":"CHALET-EN-CALA-EN-PORTER-025-4-350x100.jpg","width":350,"height":100,"mime-type":"image\/jpeg","filesize":35260,"url":"https:\/\/movemenorca.com\/wp-content\/uploads\/CHALET-EN-CALA-EN-PORTER-025-4-350x100.jpg"}},"image_meta":{"aperture":"0","credit":"","camera":"","caption":"","created_timestamp":"1771355038","copyright":"","focal_length":"0","iso":"0","shutter_speed":"0","title":"","orientation":"0","keywords":[]},"ID":"151951","name":"CHALET-EN-CALA-EN-PORTER-025-4.jpg","path":"\/home\/u274812967\/domains\/movemenorca.com\/public_html\/wp-content\/uploads\/CHALET-EN-CALA-EN-PORTER-025-4.jpg","url":"https:\/\/movemenorca.com\/wp-content\/uploads\/CHALET-EN-CALA-EN-PORTER-025-4-150x150.jpg","full_url":"https:\/\/movemenorca.com\/wp-content\/uploads\/CHALET-EN-CALA-EN-PORTER-025-4.jpg","title":"CHALET EN CALA EN PORTER 025","caption":"","description":"","alt":"","srcset":"https:\/\/movemenorca.com\/wp-content\/uploads\/CHALET-EN-CALA-EN-PORTER-025-4-150x150.jpg 150w, https:\/\/movemenorca.com\/wp-content\/uploads\/CHALET-EN-CALA-EN-PORTER-025-4-210x210.jpg 210w"},{"width":150,"height":150,"file":"CHALET-EN-CALA-EN-PORTER-026-9.jpg","filesize":198767,"sizes":{"medium":{"file":"CHALET-EN-CALA-EN-PORTER-026-9-300x225.jpg","width":300,"height":225,"mime-type":"image\/jpeg","filesize":40657,"url":"https:\/\/movemenorca.com\/wp-content\/uploads\/CHALET-EN-CALA-EN-PORTER-026-9-300x225.jpg"},"large":{"file":"CHALET-EN-CALA-EN-PORTER-026-9-1024x768.jpg","width":1024,"height":768,"mime-type":"image\/jpeg","filesize":137058,"url":"https:\/\/movemenorca.com\/wp-content\/uploads\/CHALET-EN-CALA-EN-PORTER-026-9-1024x768.jpg"},"thumbnail":{"file":"CHALET-EN-CALA-EN-PORTER-026-9-150x150.jpg","width":150,"height":150,"mime-type":"image\/jpeg","filesize":32293,"url":"https:\/\/movemenorca.com\/wp-content\/uploads\/CHALET-EN-CALA-EN-PORTER-026-9-150x150.jpg"},"medium_large":{"file":"CHALET-EN-CALA-EN-PORTER-026-9-768x576.jpg","width":768,"height":576,"mime-type":"image\/jpeg","filesize":93177,"url":"https:\/\/movemenorca.com\/wp-content\/uploads\/CHALET-EN-CALA-EN-PORTER-026-9-768x576.jpg"},"post-thumbnail":{"file":"CHALET-EN-CALA-EN-PORTER-026-9-150x113.jpg","width":150,"height":113,"mime-type":"image\/jpeg","filesize":31711,"url":"https:\/\/movemenorca.com\/wp-content\/uploads\/CHALET-EN-CALA-EN-PORTER-026-9-150x113.jpg"},"modern-property-child-slider":{"file":"CHALET-EN-CALA-EN-PORTER-026-9-680x510.jpg","width":680,"height":510,"mime-type":"image\/jpeg","filesize":80680,"url":"https:\/\/movemenorca.com\/wp-content\/uploads\/CHALET-EN-CALA-EN-PORTER-026-9-680x510.jpg"},"property-thumb-image":{"file":"CHALET-EN-CALA-EN-PORTER-026-9-488x326.jpg","width":488,"height":326,"mime-type":"image\/jpeg","filesize":54693,"url":"https:\/\/movemenorca.com\/wp-content\/uploads\/CHALET-EN-CALA-EN-PORTER-026-9-488x326.jpg"},"property-detail-video-image":{"file":"CHALET-EN-CALA-EN-PORTER-026-9-818x417.jpg","width":818,"height":417,"mime-type":"image\/jpeg","filesize":83125,"url":"https:\/\/movemenorca.com\/wp-content\/uploads\/CHALET-EN-CALA-EN-PORTER-026-9-818x417.jpg"},"agent-image":{"file":"CHALET-EN-CALA-EN-PORTER-026-9-210x210.jpg","width":210,"height":210,"mime-type":"image\/jpeg","filesize":35901,"url":"https:\/\/movemenorca.com\/wp-content\/uploads\/CHALET-EN-CALA-EN-PORTER-026-9-210x210.jpg"},"partners-logo":{"file":"CHALET-EN-CALA-EN-PORTER-026-9-600x900.jpg","width":600,"height":900,"mime-type":"image\/jpeg","filesize":103908,"url":"https:\/\/movemenorca.com\/wp-content\/uploads\/CHALET-EN-CALA-EN-PORTER-026-9-600x900.jpg"},"post-featured-image":{"file":"CHALET-EN-CALA-EN-PORTER-026-9-1200x720.jpg","width":1200,"height":720,"mime-type":"image\/jpeg","filesize":161831,"url":"https:\/\/movemenorca.com\/wp-content\/uploads\/CHALET-EN-CALA-EN-PORTER-026-9-1200x720.jpg"},"cmplz_banner_image":{"file":"CHALET-EN-CALA-EN-PORTER-026-9-350x100.jpg","width":350,"height":100,"mime-type":"image\/jpeg","filesize":35906,"url":"https:\/\/movemenorca.com\/wp-content\/uploads\/CHALET-EN-CALA-EN-PORTER-026-9-350x100.jpg"}},"image_meta":{"aperture":"0","credit":"","camera":"","caption":"","created_timestamp":"1771355057","copyright":"","focal_length":"0","iso":"0","shutter_speed":"0","title":"","orientation":"0","keywords":[]},"ID":"151954","name":"CHALET-EN-CALA-EN-PORTER-026-9.jpg","path":"\/home\/u274812967\/domains\/movemenorca.com\/public_html\/wp-content\/uploads\/CHALET-EN-CALA-EN-PORTER-026-9.jpg","url":"https:\/\/movemenorca.com\/wp-content\/uploads\/CHALET-EN-CALA-EN-PORTER-026-9-150x150.jpg","full_url":"https:\/\/movemenorca.com\/wp-content\/uploads\/CHALET-EN-CALA-EN-PORTER-026-9.jpg","title":"CHALET EN CALA EN PORTER 026","caption":"","description":"","alt":"","srcset":"https:\/\/movemenorca.com\/wp-content\/uploads\/CHALET-EN-CALA-EN-PORTER-026-9-150x150.jpg 150w, https:\/\/movemenorca.com\/wp-content\/uploads\/CHALET-EN-CALA-EN-PORTER-026-9-210x210.jpg 210w"},{"width":150,"height":150,"file":"CHALET-EN-CALA-EN-PORTER-035-8.jpg","filesize":162441,"sizes":{"medium":{"file":"CHALET-EN-CALA-EN-PORTER-035-8-300x225.jpg","width":300,"height":225,"mime-type":"image\/jpeg","filesize":33949,"url":"https:\/\/movemenorca.com\/wp-content\/uploads\/CHALET-EN-CALA-EN-PORTER-035-8-300x225.jpg"},"large":{"file":"CHALET-EN-CALA-EN-PORTER-035-8-1024x768.jpg","width":1024,"height":768,"mime-type":"image\/jpeg","filesize":111361,"url":"https:\/\/movemenorca.com\/wp-content\/uploads\/CHALET-EN-CALA-EN-PORTER-035-8-1024x768.jpg"},"thumbnail":{"file":"CHALET-EN-CALA-EN-PORTER-035-8-150x150.jpg","width":150,"height":150,"mime-type":"image\/jpeg","filesize":27812,"url":"https:\/\/movemenorca.com\/wp-content\/uploads\/CHALET-EN-CALA-EN-PORTER-035-8-150x150.jpg"},"medium_large":{"file":"CHALET-EN-CALA-EN-PORTER-035-8-768x576.jpg","width":768,"height":576,"mime-type":"image\/jpeg","filesize":75522,"url":"https:\/\/movemenorca.com\/wp-content\/uploads\/CHALET-EN-CALA-EN-PORTER-035-8-768x576.jpg"},"post-thumbnail":{"file":"CHALET-EN-CALA-EN-PORTER-035-8-150x113.jpg","width":150,"height":113,"mime-type":"image\/jpeg","filesize":27445,"url":"https:\/\/movemenorca.com\/wp-content\/uploads\/CHALET-EN-CALA-EN-PORTER-035-8-150x113.jpg"},"modern-property-child-slider":{"file":"CHALET-EN-CALA-EN-PORTER-035-8-680x510.jpg","width":680,"height":510,"mime-type":"image\/jpeg","filesize":65409,"url":"https:\/\/movemenorca.com\/wp-content\/uploads\/CHALET-EN-CALA-EN-PORTER-035-8-680x510.jpg"},"property-thumb-image":{"file":"CHALET-EN-CALA-EN-PORTER-035-8-488x326.jpg","width":488,"height":326,"mime-type":"image\/jpeg","filesize":44939,"url":"https:\/\/movemenorca.com\/wp-content\/uploads\/CHALET-EN-CALA-EN-PORTER-035-8-488x326.jpg"},"property-detail-video-image":{"file":"CHALET-EN-CALA-EN-PORTER-035-8-818x417.jpg","width":818,"height":417,"mime-type":"image\/jpeg","filesize":69890,"url":"https:\/\/movemenorca.com\/wp-content\/uploads\/CHALET-EN-CALA-EN-PORTER-035-8-818x417.jpg"},"agent-image":{"file":"CHALET-EN-CALA-EN-PORTER-035-8-210x210.jpg","width":210,"height":210,"mime-type":"image\/jpeg","filesize":30684,"url":"https:\/\/movemenorca.com\/wp-content\/uploads\/CHALET-EN-CALA-EN-PORTER-035-8-210x210.jpg"},"partners-logo":{"file":"CHALET-EN-CALA-EN-PORTER-035-8-600x900.jpg","width":600,"height":900,"mime-type":"image\/jpeg","filesize":86172,"url":"https:\/\/movemenorca.com\/wp-content\/uploads\/CHALET-EN-CALA-EN-PORTER-035-8-600x900.jpg"},"post-featured-image":{"file":"CHALET-EN-CALA-EN-PORTER-035-8-1200x720.jpg","width":1200,"height":720,"mime-type":"image\/jpeg","filesize":138426,"url":"https:\/\/movemenorca.com\/wp-content\/uploads\/CHALET-EN-CALA-EN-PORTER-035-8-1200x720.jpg"},"cmplz_banner_image":{"file":"CHALET-EN-CALA-EN-PORTER-035-8-350x100.jpg","width":350,"height":100,"mime-type":"image\/jpeg","filesize":30225,"url":"https:\/\/movemenorca.com\/wp-content\/uploads\/CHALET-EN-CALA-EN-PORTER-035-8-350x100.jpg"}},"image_meta":{"aperture":"0","credit":"","camera":"","caption":"","created_timestamp":"1771355152","copyright":"","focal_length":"0","iso":"0","shutter_speed":"0","title":"","orientation":"0","keywords":[]},"ID":"151972","name":"CHALET-EN-CALA-EN-PORTER-035-8.jpg","path":"\/home\/u274812967\/domains\/movemenorca.com\/public_html\/wp-content\/uploads\/CHALET-EN-CALA-EN-PORTER-035-8.jpg","url":"https:\/\/movemenorca.com\/wp-content\/uploads\/CHALET-EN-CALA-EN-PORTER-035-8-150x150.jpg","full_url":"https:\/\/movemenorca.com\/wp-content\/uploads\/CHALET-EN-CALA-EN-PORTER-035-8.jpg","title":"CHALET EN CALA EN PORTER 035","caption":"","description":"","alt":"","srcset":"https:\/\/movemenorca.com\/wp-content\/uploads\/CHALET-EN-CALA-EN-PORTER-035-8-150x150.jpg 150w, https:\/\/movemenorca.com\/wp-content\/uploads\/CHALET-EN-CALA-EN-PORTER-035-8-210x210.jpg 210w"},{"width":150,"height":150,"file":"CHALET-EN-CALA-EN-PORTER-036-9.jpg","filesize":144297,"sizes":{"medium":{"file":"CHALET-EN-CALA-EN-PORTER-036-9-300x225.jpg","width":300,"height":225,"mime-type":"image\/jpeg","filesize":33973,"url":"https:\/\/movemenorca.com\/wp-content\/uploads\/CHALET-EN-CALA-EN-PORTER-036-9-300x225.jpg"},"large":{"file":"CHALET-EN-CALA-EN-PORTER-036-9-1024x768.jpg","width":1024,"height":768,"mime-type":"image\/jpeg","filesize":104244,"url":"https:\/\/movemenorca.com\/wp-content\/uploads\/CHALET-EN-CALA-EN-PORTER-036-9-1024x768.jpg"},"thumbnail":{"file":"CHALET-EN-CALA-EN-PORTER-036-9-150x150.jpg","width":150,"height":150,"mime-type":"image\/jpeg","filesize":28144,"url":"https:\/\/movemenorca.com\/wp-content\/uploads\/CHALET-EN-CALA-EN-PORTER-036-9-150x150.jpg"},"medium_large":{"file":"CHALET-EN-CALA-EN-PORTER-036-9-768x576.jpg","width":768,"height":576,"mime-type":"image\/jpeg","filesize":72383,"url":"https:\/\/movemenorca.com\/wp-content\/uploads\/CHALET-EN-CALA-EN-PORTER-036-9-768x576.jpg"},"post-thumbnail":{"file":"CHALET-EN-CALA-EN-PORTER-036-9-150x113.jpg","width":150,"height":113,"mime-type":"image\/jpeg","filesize":27543,"url":"https:\/\/movemenorca.com\/wp-content\/uploads\/CHALET-EN-CALA-EN-PORTER-036-9-150x113.jpg"},"modern-property-child-slider":{"file":"CHALET-EN-CALA-EN-PORTER-036-9-680x510.jpg","width":680,"height":510,"mime-type":"image\/jpeg","filesize":63228,"url":"https:\/\/movemenorca.com\/wp-content\/uploads\/CHALET-EN-CALA-EN-PORTER-036-9-680x510.jpg"},"property-thumb-image":{"file":"CHALET-EN-CALA-EN-PORTER-036-9-488x326.jpg","width":488,"height":326,"mime-type":"image\/jpeg","filesize":43964,"url":"https:\/\/movemenorca.com\/wp-content\/uploads\/CHALET-EN-CALA-EN-PORTER-036-9-488x326.jpg"},"property-detail-video-image":{"file":"CHALET-EN-CALA-EN-PORTER-036-9-818x417.jpg","width":818,"height":417,"mime-type":"image\/jpeg","filesize":62746,"url":"https:\/\/movemenorca.com\/wp-content\/uploads\/CHALET-EN-CALA-EN-PORTER-036-9-818x417.jpg"},"agent-image":{"file":"CHALET-EN-CALA-EN-PORTER-036-9-210x210.jpg","width":210,"height":210,"mime-type":"image\/jpeg","filesize":31220,"url":"https:\/\/movemenorca.com\/wp-content\/uploads\/CHALET-EN-CALA-EN-PORTER-036-9-210x210.jpg"},"partners-logo":{"file":"CHALET-EN-CALA-EN-PORTER-036-9-600x900.jpg","width":600,"height":900,"mime-type":"image\/jpeg","filesize":88219,"url":"https:\/\/movemenorca.com\/wp-content\/uploads\/CHALET-EN-CALA-EN-PORTER-036-9-600x900.jpg"},"post-featured-image":{"file":"CHALET-EN-CALA-EN-PORTER-036-9-1200x720.jpg","width":1200,"height":720,"mime-type":"image\/jpeg","filesize":120072,"url":"https:\/\/movemenorca.com\/wp-content\/uploads\/CHALET-EN-CALA-EN-PORTER-036-9-1200x720.jpg"},"cmplz_banner_image":{"file":"CHALET-EN-CALA-EN-PORTER-036-9-350x100.jpg","width":350,"height":100,"mime-type":"image\/jpeg","filesize":29867,"url":"https:\/\/movemenorca.com\/wp-content\/uploads\/CHALET-EN-CALA-EN-PORTER-036-9-350x100.jpg"}},"image_meta":{"aperture":"0","credit":"","camera":"","caption":"","created_timestamp":"1771355162","copyright":"","focal_length":"0","iso":"0","shutter_speed":"0","title":"","orientation":"0","keywords":[]},"ID":"151975","name":"CHALET-EN-CALA-EN-PORTER-036-9.jpg","path":"\/home\/u274812967\/domains\/movemenorca.com\/public_html\/wp-content\/uploads\/CHALET-EN-CALA-EN-PORTER-036-9.jpg","url":"https:\/\/movemenorca.com\/wp-content\/uploads\/CHALET-EN-CALA-EN-PORTER-036-9-150x150.jpg","full_url":"https:\/\/movemenorca.com\/wp-content\/uploads\/CHALET-EN-CALA-EN-PORTER-036-9.jpg","title":"CHALET EN CALA EN PORTER 036","caption":"","description":"","alt":"","srcset":"https:\/\/movemenorca.com\/wp-content\/uploads\/CHALET-EN-CALA-EN-PORTER-036-9-150x150.jpg 150w, https:\/\/movemenorca.com\/wp-content\/uploads\/CHALET-EN-CALA-EN-PORTER-036-9-210x210.jpg 210w"},{"width":150,"height":150,"file":"CHALET-EN-CALA-EN-PORTER-037-7.jpg","filesize":179251,"sizes":{"medium":{"file":"CHALET-EN-CALA-EN-PORTER-037-7-300x225.jpg","width":300,"height":225,"mime-type":"image\/jpeg","filesize":34044,"url":"https:\/\/movemenorca.com\/wp-content\/uploads\/CHALET-EN-CALA-EN-PORTER-037-7-300x225.jpg"},"large":{"file":"CHALET-EN-CALA-EN-PORTER-037-7-1024x768.jpg","width":1024,"height":768,"mime-type":"image\/jpeg","filesize":121577,"url":"https:\/\/movemenorca.com\/wp-content\/uploads\/CHALET-EN-CALA-EN-PORTER-037-7-1024x768.jpg"},"thumbnail":{"file":"CHALET-EN-CALA-EN-PORTER-037-7-150x150.jpg","width":150,"height":150,"mime-type":"image\/jpeg","filesize":27487,"url":"https:\/\/movemenorca.com\/wp-content\/uploads\/CHALET-EN-CALA-EN-PORTER-037-7-150x150.jpg"},"medium_large":{"file":"CHALET-EN-CALA-EN-PORTER-037-7-768x576.jpg","width":768,"height":576,"mime-type":"image\/jpeg","filesize":79714,"url":"https:\/\/movemenorca.com\/wp-content\/uploads\/CHALET-EN-CALA-EN-PORTER-037-7-768x576.jpg"},"post-thumbnail":{"file":"CHALET-EN-CALA-EN-PORTER-037-7-150x113.jpg","width":150,"height":113,"mime-type":"image\/jpeg","filesize":27100,"url":"https:\/\/movemenorca.com\/wp-content\/uploads\/CHALET-EN-CALA-EN-PORTER-037-7-150x113.jpg"},"modern-property-child-slider":{"file":"CHALET-EN-CALA-EN-PORTER-037-7-680x510.jpg","width":680,"height":510,"mime-type":"image\/jpeg","filesize":67890,"url":"https:\/\/movemenorca.com\/wp-content\/uploads\/CHALET-EN-CALA-EN-PORTER-037-7-680x510.jpg"},"property-thumb-image":{"file":"CHALET-EN-CALA-EN-PORTER-037-7-488x326.jpg","width":488,"height":326,"mime-type":"image\/jpeg","filesize":45610,"url":"https:\/\/movemenorca.com\/wp-content\/uploads\/CHALET-EN-CALA-EN-PORTER-037-7-488x326.jpg"},"property-detail-video-image":{"file":"CHALET-EN-CALA-EN-PORTER-037-7-818x417.jpg","width":818,"height":417,"mime-type":"image\/jpeg","filesize":70845,"url":"https:\/\/movemenorca.com\/wp-content\/uploads\/CHALET-EN-CALA-EN-PORTER-037-7-818x417.jpg"},"agent-image":{"file":"CHALET-EN-CALA-EN-PORTER-037-7-210x210.jpg","width":210,"height":210,"mime-type":"image\/jpeg","filesize":30315,"url":"https:\/\/movemenorca.com\/wp-content\/uploads\/CHALET-EN-CALA-EN-PORTER-037-7-210x210.jpg"},"partners-logo":{"file":"CHALET-EN-CALA-EN-PORTER-037-7-600x900.jpg","width":600,"height":900,"mime-type":"image\/jpeg","filesize":105017,"url":"https:\/\/movemenorca.com\/wp-content\/uploads\/CHALET-EN-CALA-EN-PORTER-037-7-600x900.jpg"},"post-featured-image":{"file":"CHALET-EN-CALA-EN-PORTER-037-7-1200x720.jpg","width":1200,"height":720,"mime-type":"image\/jpeg","filesize":152453,"url":"https:\/\/movemenorca.com\/wp-content\/uploads\/CHALET-EN-CALA-EN-PORTER-037-7-1200x720.jpg"},"cmplz_banner_image":{"file":"CHALET-EN-CALA-EN-PORTER-037-7-350x100.jpg","width":350,"height":100,"mime-type":"image\/jpeg","filesize":29466,"url":"https:\/\/movemenorca.com\/wp-content\/uploads\/CHALET-EN-CALA-EN-PORTER-037-7-350x100.jpg"}},"image_meta":{"aperture":"0","credit":"","camera":"","caption":"","created_timestamp":"0","copyright":"","focal_length":"0","iso":"0","shutter_speed":"0","title":"","orientation":"0","keywords":[]},"ID":"151978","name":"CHALET-EN-CALA-EN-PORTER-037-7.jpg","path":"\/home\/u274812967\/domains\/movemenorca.com\/public_html\/wp-content\/uploads\/CHALET-EN-CALA-EN-PORTER-037-7.jpg","url":"https:\/\/movemenorca.com\/wp-content\/uploads\/CHALET-EN-CALA-EN-PORTER-037-7-150x150.jpg","full_url":"https:\/\/movemenorca.com\/wp-content\/uploads\/CHALET-EN-CALA-EN-PORTER-037-7.jpg","title":"CHALET EN CALA EN PORTER 037","caption":"","description":"","alt":"","srcset":"https:\/\/movemenorca.com\/wp-content\/uploads\/CHALET-EN-CALA-EN-PORTER-037-7-150x150.jpg 150w, https:\/\/movemenorca.com\/wp-content\/uploads\/CHALET-EN-CALA-EN-PORTER-037-7-210x210.jpg 210w"},{"width":150,"height":150,"file":"CHALET-EN-CALA-EN-PORTER-038-6.jpg","filesize":180745,"sizes":{"medium":{"file":"CHALET-EN-CALA-EN-PORTER-038-6-300x225.jpg","width":300,"height":225,"mime-type":"image\/jpeg","filesize":32848,"url":"https:\/\/movemenorca.com\/wp-content\/uploads\/CHALET-EN-CALA-EN-PORTER-038-6-300x225.jpg"},"large":{"file":"CHALET-EN-CALA-EN-PORTER-038-6-1024x768.jpg","width":1024,"height":768,"mime-type":"image\/jpeg","filesize":122342,"url":"https:\/\/movemenorca.com\/wp-content\/uploads\/CHALET-EN-CALA-EN-PORTER-038-6-1024x768.jpg"},"thumbnail":{"file":"CHALET-EN-CALA-EN-PORTER-038-6-150x150.jpg","width":150,"height":150,"mime-type":"image\/jpeg","filesize":27110,"url":"https:\/\/movemenorca.com\/wp-content\/uploads\/CHALET-EN-CALA-EN-PORTER-038-6-150x150.jpg"},"medium_large":{"file":"CHALET-EN-CALA-EN-PORTER-038-6-768x576.jpg","width":768,"height":576,"mime-type":"image\/jpeg","filesize":78808,"url":"https:\/\/movemenorca.com\/wp-content\/uploads\/CHALET-EN-CALA-EN-PORTER-038-6-768x576.jpg"},"post-thumbnail":{"file":"CHALET-EN-CALA-EN-PORTER-038-6-150x113.jpg","width":150,"height":113,"mime-type":"image\/jpeg","filesize":26281,"url":"https:\/\/movemenorca.com\/wp-content\/uploads\/CHALET-EN-CALA-EN-PORTER-038-6-150x113.jpg"},"modern-property-child-slider":{"file":"CHALET-EN-CALA-EN-PORTER-038-6-680x510.jpg","width":680,"height":510,"mime-type":"image\/jpeg","filesize":66845,"url":"https:\/\/movemenorca.com\/wp-content\/uploads\/CHALET-EN-CALA-EN-PORTER-038-6-680x510.jpg"},"property-thumb-image":{"file":"CHALET-EN-CALA-EN-PORTER-038-6-488x326.jpg","width":488,"height":326,"mime-type":"image\/jpeg","filesize":44100,"url":"https:\/\/movemenorca.com\/wp-content\/uploads\/CHALET-EN-CALA-EN-PORTER-038-6-488x326.jpg"},"property-detail-video-image":{"file":"CHALET-EN-CALA-EN-PORTER-038-6-818x417.jpg","width":818,"height":417,"mime-type":"image\/jpeg","filesize":70852,"url":"https:\/\/movemenorca.com\/wp-content\/uploads\/CHALET-EN-CALA-EN-PORTER-038-6-818x417.jpg"},"agent-image":{"file":"CHALET-EN-CALA-EN-PORTER-038-6-210x210.jpg","width":210,"height":210,"mime-type":"image\/jpeg","filesize":30064,"url":"https:\/\/movemenorca.com\/wp-content\/uploads\/CHALET-EN-CALA-EN-PORTER-038-6-210x210.jpg"},"partners-logo":{"file":"CHALET-EN-CALA-EN-PORTER-038-6-600x900.jpg","width":600,"height":900,"mime-type":"image\/jpeg","filesize":104065,"url":"https:\/\/movemenorca.com\/wp-content\/uploads\/CHALET-EN-CALA-EN-PORTER-038-6-600x900.jpg"},"post-featured-image":{"file":"CHALET-EN-CALA-EN-PORTER-038-6-1200x720.jpg","width":1200,"height":720,"mime-type":"image\/jpeg","filesize":155466,"url":"https:\/\/movemenorca.com\/wp-content\/uploads\/CHALET-EN-CALA-EN-PORTER-038-6-1200x720.jpg"},"cmplz_banner_image":{"file":"CHALET-EN-CALA-EN-PORTER-038-6-350x100.jpg","width":350,"height":100,"mime-type":"image\/jpeg","filesize":28841,"url":"https:\/\/movemenorca.com\/wp-content\/uploads\/CHALET-EN-CALA-EN-PORTER-038-6-350x100.jpg"}},"image_meta":{"aperture":"0","credit":"","camera":"","caption":"","created_timestamp":"0","copyright":"","focal_length":"0","iso":"0","shutter_speed":"0","title":"","orientation":"0","keywords":[]},"ID":"151981","name":"CHALET-EN-CALA-EN-PORTER-038-6.jpg","path":"\/home\/u274812967\/domains\/movemenorca.com\/public_html\/wp-content\/uploads\/CHALET-EN-CALA-EN-PORTER-038-6.jpg","url":"https:\/\/movemenorca.com\/wp-content\/uploads\/CHALET-EN-CALA-EN-PORTER-038-6-150x150.jpg","full_url":"https:\/\/movemenorca.com\/wp-content\/uploads\/CHALET-EN-CALA-EN-PORTER-038-6.jpg","title":"CHALET EN CALA EN PORTER 038","caption":"","description":"","alt":"","srcset":"https:\/\/movemenorca.com\/wp-content\/uploads\/CHALET-EN-CALA-EN-PORTER-038-6-150x150.jpg 150w, https:\/\/movemenorca.com\/wp-content\/uploads\/CHALET-EN-CALA-EN-PORTER-038-6-210x210.jpg 210w"},{"width":150,"height":150,"file":"CHALET-EN-CALA-EN-PORTER-032-6.jpg","filesize":149437,"sizes":{"medium":{"file":"CHALET-EN-CALA-EN-PORTER-032-6-300x225.jpg","width":300,"height":225,"mime-type":"image\/jpeg","filesize":33348,"url":"https:\/\/movemenorca.com\/wp-content\/uploads\/CHALET-EN-CALA-EN-PORTER-032-6-300x225.jpg"},"large":{"file":"CHALET-EN-CALA-EN-PORTER-032-6-1024x768.jpg","width":1024,"height":768,"mime-type":"image\/jpeg","filesize":106038,"url":"https:\/\/movemenorca.com\/wp-content\/uploads\/CHALET-EN-CALA-EN-PORTER-032-6-1024x768.jpg"},"thumbnail":{"file":"CHALET-EN-CALA-EN-PORTER-032-6-150x150.jpg","width":150,"height":150,"mime-type":"image\/jpeg","filesize":27763,"url":"https:\/\/movemenorca.com\/wp-content\/uploads\/CHALET-EN-CALA-EN-PORTER-032-6-150x150.jpg"},"medium_large":{"file":"CHALET-EN-CALA-EN-PORTER-032-6-768x576.jpg","width":768,"height":576,"mime-type":"image\/jpeg","filesize":72400,"url":"https:\/\/movemenorca.com\/wp-content\/uploads\/CHALET-EN-CALA-EN-PORTER-032-6-768x576.jpg"},"post-thumbnail":{"file":"CHALET-EN-CALA-EN-PORTER-032-6-150x113.jpg","width":150,"height":113,"mime-type":"image\/jpeg","filesize":27089,"url":"https:\/\/movemenorca.com\/wp-content\/uploads\/CHALET-EN-CALA-EN-PORTER-032-6-150x113.jpg"},"modern-property-child-slider":{"file":"CHALET-EN-CALA-EN-PORTER-032-6-680x510.jpg","width":680,"height":510,"mime-type":"image\/jpeg","filesize":62931,"url":"https:\/\/movemenorca.com\/wp-content\/uploads\/CHALET-EN-CALA-EN-PORTER-032-6-680x510.jpg"},"property-thumb-image":{"file":"CHALET-EN-CALA-EN-PORTER-032-6-488x326.jpg","width":488,"height":326,"mime-type":"image\/jpeg","filesize":43788,"url":"https:\/\/movemenorca.com\/wp-content\/uploads\/CHALET-EN-CALA-EN-PORTER-032-6-488x326.jpg"},"property-detail-video-image":{"file":"CHALET-EN-CALA-EN-PORTER-032-6-818x417.jpg","width":818,"height":417,"mime-type":"image\/jpeg","filesize":64663,"url":"https:\/\/movemenorca.com\/wp-content\/uploads\/CHALET-EN-CALA-EN-PORTER-032-6-818x417.jpg"},"agent-image":{"file":"CHALET-EN-CALA-EN-PORTER-032-6-210x210.jpg","width":210,"height":210,"mime-type":"image\/jpeg","filesize":30708,"url":"https:\/\/movemenorca.com\/wp-content\/uploads\/CHALET-EN-CALA-EN-PORTER-032-6-210x210.jpg"},"partners-logo":{"file":"CHALET-EN-CALA-EN-PORTER-032-6-600x900.jpg","width":600,"height":900,"mime-type":"image\/jpeg","filesize":91538,"url":"https:\/\/movemenorca.com\/wp-content\/uploads\/CHALET-EN-CALA-EN-PORTER-032-6-600x900.jpg"},"post-featured-image":{"file":"CHALET-EN-CALA-EN-PORTER-032-6-1200x720.jpg","width":1200,"height":720,"mime-type":"image\/jpeg","filesize":124336,"url":"https:\/\/movemenorca.com\/wp-content\/uploads\/CHALET-EN-CALA-EN-PORTER-032-6-1200x720.jpg"},"cmplz_banner_image":{"file":"CHALET-EN-CALA-EN-PORTER-032-6-350x100.jpg","width":350,"height":100,"mime-type":"image\/jpeg","filesize":29574,"url":"https:\/\/movemenorca.com\/wp-content\/uploads\/CHALET-EN-CALA-EN-PORTER-032-6-350x100.jpg"}},"image_meta":{"aperture":"0","credit":"","camera":"","caption":"","created_timestamp":"1771355117","copyright":"","focal_length":"0","iso":"0","shutter_speed":"0","title":"","orientation":"0","keywords":[]},"ID":"151966","name":"CHALET-EN-CALA-EN-PORTER-032-6.jpg","path":"\/home\/u274812967\/domains\/movemenorca.com\/public_html\/wp-content\/uploads\/CHALET-EN-CALA-EN-PORTER-032-6.jpg","url":"https:\/\/movemenorca.com\/wp-content\/uploads\/CHALET-EN-CALA-EN-PORTER-032-6-150x150.jpg","full_url":"https:\/\/movemenorca.com\/wp-content\/uploads\/CHALET-EN-CALA-EN-PORTER-032-6.jpg","title":"CHALET EN CALA EN PORTER 032","caption":"","description":"","alt":"","srcset":"https:\/\/movemenorca.com\/wp-content\/uploads\/CHALET-EN-CALA-EN-PORTER-032-6-150x150.jpg 150w, https:\/\/movemenorca.com\/wp-content\/uploads\/CHALET-EN-CALA-EN-PORTER-032-6-210x210.jpg 210w"},{"width":150,"height":150,"file":"CHALET-EN-CALA-EN-PORTER-033-9.jpg","filesize":141259,"sizes":{"medium":{"file":"CHALET-EN-CALA-EN-PORTER-033-9-300x225.jpg","width":300,"height":225,"mime-type":"image\/jpeg","filesize":33511,"url":"https:\/\/movemenorca.com\/wp-content\/uploads\/CHALET-EN-CALA-EN-PORTER-033-9-300x225.jpg"},"large":{"file":"CHALET-EN-CALA-EN-PORTER-033-9-1024x768.jpg","width":1024,"height":768,"mime-type":"image\/jpeg","filesize":101874,"url":"https:\/\/movemenorca.com\/wp-content\/uploads\/CHALET-EN-CALA-EN-PORTER-033-9-1024x768.jpg"},"thumbnail":{"file":"CHALET-EN-CALA-EN-PORTER-033-9-150x150.jpg","width":150,"height":150,"mime-type":"image\/jpeg","filesize":27832,"url":"https:\/\/movemenorca.com\/wp-content\/uploads\/CHALET-EN-CALA-EN-PORTER-033-9-150x150.jpg"},"medium_large":{"file":"CHALET-EN-CALA-EN-PORTER-033-9-768x576.jpg","width":768,"height":576,"mime-type":"image\/jpeg","filesize":70071,"url":"https:\/\/movemenorca.com\/wp-content\/uploads\/CHALET-EN-CALA-EN-PORTER-033-9-768x576.jpg"},"post-thumbnail":{"file":"CHALET-EN-CALA-EN-PORTER-033-9-150x113.jpg","width":150,"height":113,"mime-type":"image\/jpeg","filesize":27255,"url":"https:\/\/movemenorca.com\/wp-content\/uploads\/CHALET-EN-CALA-EN-PORTER-033-9-150x113.jpg"},"modern-property-child-slider":{"file":"CHALET-EN-CALA-EN-PORTER-033-9-680x510.jpg","width":680,"height":510,"mime-type":"image\/jpeg","filesize":61326,"url":"https:\/\/movemenorca.com\/wp-content\/uploads\/CHALET-EN-CALA-EN-PORTER-033-9-680x510.jpg"},"property-thumb-image":{"file":"CHALET-EN-CALA-EN-PORTER-033-9-488x326.jpg","width":488,"height":326,"mime-type":"image\/jpeg","filesize":42801,"url":"https:\/\/movemenorca.com\/wp-content\/uploads\/CHALET-EN-CALA-EN-PORTER-033-9-488x326.jpg"},"property-detail-video-image":{"file":"CHALET-EN-CALA-EN-PORTER-033-9-818x417.jpg","width":818,"height":417,"mime-type":"image\/jpeg","filesize":60986,"url":"https:\/\/movemenorca.com\/wp-content\/uploads\/CHALET-EN-CALA-EN-PORTER-033-9-818x417.jpg"},"agent-image":{"file":"CHALET-EN-CALA-EN-PORTER-033-9-210x210.jpg","width":210,"height":210,"mime-type":"image\/jpeg","filesize":30707,"url":"https:\/\/movemenorca.com\/wp-content\/uploads\/CHALET-EN-CALA-EN-PORTER-033-9-210x210.jpg"},"partners-logo":{"file":"CHALET-EN-CALA-EN-PORTER-033-9-600x900.jpg","width":600,"height":900,"mime-type":"image\/jpeg","filesize":93988,"url":"https:\/\/movemenorca.com\/wp-content\/uploads\/CHALET-EN-CALA-EN-PORTER-033-9-600x900.jpg"},"post-featured-image":{"file":"CHALET-EN-CALA-EN-PORTER-033-9-1200x720.jpg","width":1200,"height":720,"mime-type":"image\/jpeg","filesize":118030,"url":"https:\/\/movemenorca.com\/wp-content\/uploads\/CHALET-EN-CALA-EN-PORTER-033-9-1200x720.jpg"},"cmplz_banner_image":{"file":"CHALET-EN-CALA-EN-PORTER-033-9-350x100.jpg","width":350,"height":100,"mime-type":"image\/jpeg","filesize":28920,"url":"https:\/\/movemenorca.com\/wp-content\/uploads\/CHALET-EN-CALA-EN-PORTER-033-9-350x100.jpg"}},"image_meta":{"aperture":"0","credit":"","camera":"","caption":"","created_timestamp":"1771355129","copyright":"","focal_length":"0","iso":"0","shutter_speed":"0","title":"","orientation":"0","keywords":[]},"ID":"151969","name":"CHALET-EN-CALA-EN-PORTER-033-9.jpg","path":"\/home\/u274812967\/domains\/movemenorca.com\/public_html\/wp-content\/uploads\/CHALET-EN-CALA-EN-PORTER-033-9.jpg","url":"https:\/\/movemenorca.com\/wp-content\/uploads\/CHALET-EN-CALA-EN-PORTER-033-9-150x150.jpg","full_url":"https:\/\/movemenorca.com\/wp-content\/uploads\/CHALET-EN-CALA-EN-PORTER-033-9.jpg","title":"CHALET EN CALA EN PORTER 033","caption":"","description":"","alt":"","srcset":"https:\/\/movemenorca.com\/wp-content\/uploads\/CHALET-EN-CALA-EN-PORTER-033-9-150x150.jpg 150w, https:\/\/movemenorca.com\/wp-content\/uploads\/CHALET-EN-CALA-EN-PORTER-033-9-210x210.jpg 210w"},{"width":150,"height":150,"file":"CHALET-EN-CALA-EN-PORTER-028-7.jpg","filesize":142207,"sizes":{"medium":{"file":"CHALET-EN-CALA-EN-PORTER-028-7-300x225.jpg","width":300,"height":225,"mime-type":"image\/jpeg","filesize":34527,"url":"https:\/\/movemenorca.com\/wp-content\/uploads\/CHALET-EN-CALA-EN-PORTER-028-7-300x225.jpg"},"large":{"file":"CHALET-EN-CALA-EN-PORTER-028-7-1024x768.jpg","width":1024,"height":768,"mime-type":"image\/jpeg","filesize":105754,"url":"https:\/\/movemenorca.com\/wp-content\/uploads\/CHALET-EN-CALA-EN-PORTER-028-7-1024x768.jpg"},"thumbnail":{"file":"CHALET-EN-CALA-EN-PORTER-028-7-150x150.jpg","width":150,"height":150,"mime-type":"image\/jpeg","filesize":28022,"url":"https:\/\/movemenorca.com\/wp-content\/uploads\/CHALET-EN-CALA-EN-PORTER-028-7-150x150.jpg"},"medium_large":{"file":"CHALET-EN-CALA-EN-PORTER-028-7-768x576.jpg","width":768,"height":576,"mime-type":"image\/jpeg","filesize":73469,"url":"https:\/\/movemenorca.com\/wp-content\/uploads\/CHALET-EN-CALA-EN-PORTER-028-7-768x576.jpg"},"post-thumbnail":{"file":"CHALET-EN-CALA-EN-PORTER-028-7-150x113.jpg","width":150,"height":113,"mime-type":"image\/jpeg","filesize":27652,"url":"https:\/\/movemenorca.com\/wp-content\/uploads\/CHALET-EN-CALA-EN-PORTER-028-7-150x113.jpg"},"modern-property-child-slider":{"file":"CHALET-EN-CALA-EN-PORTER-028-7-680x510.jpg","width":680,"height":510,"mime-type":"image\/jpeg","filesize":64205,"url":"https:\/\/movemenorca.com\/wp-content\/uploads\/CHALET-EN-CALA-EN-PORTER-028-7-680x510.jpg"},"property-thumb-image":{"file":"CHALET-EN-CALA-EN-PORTER-028-7-488x326.jpg","width":488,"height":326,"mime-type":"image\/jpeg","filesize":44608,"url":"https:\/\/movemenorca.com\/wp-content\/uploads\/CHALET-EN-CALA-EN-PORTER-028-7-488x326.jpg"},"property-detail-video-image":{"file":"CHALET-EN-CALA-EN-PORTER-028-7-818x417.jpg","width":818,"height":417,"mime-type":"image\/jpeg","filesize":63435,"url":"https:\/\/movemenorca.com\/wp-content\/uploads\/CHALET-EN-CALA-EN-PORTER-028-7-818x417.jpg"},"agent-image":{"file":"CHALET-EN-CALA-EN-PORTER-028-7-210x210.jpg","width":210,"height":210,"mime-type":"image\/jpeg","filesize":30892,"url":"https:\/\/movemenorca.com\/wp-content\/uploads\/CHALET-EN-CALA-EN-PORTER-028-7-210x210.jpg"},"partners-logo":{"file":"CHALET-EN-CALA-EN-PORTER-028-7-600x900.jpg","width":600,"height":900,"mime-type":"image\/jpeg","filesize":85794,"url":"https:\/\/movemenorca.com\/wp-content\/uploads\/CHALET-EN-CALA-EN-PORTER-028-7-600x900.jpg"},"post-featured-image":{"file":"CHALET-EN-CALA-EN-PORTER-028-7-1200x720.jpg","width":1200,"height":720,"mime-type":"image\/jpeg","filesize":119231,"url":"https:\/\/movemenorca.com\/wp-content\/uploads\/CHALET-EN-CALA-EN-PORTER-028-7-1200x720.jpg"},"cmplz_banner_image":{"file":"CHALET-EN-CALA-EN-PORTER-028-7-350x100.jpg","width":350,"height":100,"mime-type":"image\/jpeg","filesize":29504,"url":"https:\/\/movemenorca.com\/wp-content\/uploads\/CHALET-EN-CALA-EN-PORTER-028-7-350x100.jpg"}},"image_meta":{"aperture":"0","credit":"","camera":"","caption":"","created_timestamp":"0","copyright":"","focal_length":"0","iso":"0","shutter_speed":"0","title":"","orientation":"0","keywords":[]},"ID":"151957","name":"CHALET-EN-CALA-EN-PORTER-028-7.jpg","path":"\/home\/u274812967\/domains\/movemenorca.com\/public_html\/wp-content\/uploads\/CHALET-EN-CALA-EN-PORTER-028-7.jpg","url":"https:\/\/movemenorca.com\/wp-content\/uploads\/CHALET-EN-CALA-EN-PORTER-028-7-150x150.jpg","full_url":"https:\/\/movemenorca.com\/wp-content\/uploads\/CHALET-EN-CALA-EN-PORTER-028-7.jpg","title":"CHALET EN CALA EN PORTER 028","caption":"","description":"","alt":"","srcset":"https:\/\/movemenorca.com\/wp-content\/uploads\/CHALET-EN-CALA-EN-PORTER-028-7-150x150.jpg 150w, https:\/\/movemenorca.com\/wp-content\/uploads\/CHALET-EN-CALA-EN-PORTER-028-7-210x210.jpg 210w"},{"width":150,"height":150,"file":"CHALET-EN-CALA-EN-PORTER-030-8.jpg","filesize":171414,"sizes":{"medium":{"file":"CHALET-EN-CALA-EN-PORTER-030-8-300x225.jpg","width":300,"height":225,"mime-type":"image\/jpeg","filesize":35533,"url":"https:\/\/movemenorca.com\/wp-content\/uploads\/CHALET-EN-CALA-EN-PORTER-030-8-300x225.jpg"},"large":{"file":"CHALET-EN-CALA-EN-PORTER-030-8-1024x768.jpg","width":1024,"height":768,"mime-type":"image\/jpeg","filesize":116855,"url":"https:\/\/movemenorca.com\/wp-content\/uploads\/CHALET-EN-CALA-EN-PORTER-030-8-1024x768.jpg"},"thumbnail":{"file":"CHALET-EN-CALA-EN-PORTER-030-8-150x150.jpg","width":150,"height":150,"mime-type":"image\/jpeg","filesize":29241,"url":"https:\/\/movemenorca.com\/wp-content\/uploads\/CHALET-EN-CALA-EN-PORTER-030-8-150x150.jpg"},"medium_large":{"file":"CHALET-EN-CALA-EN-PORTER-030-8-768x576.jpg","width":768,"height":576,"mime-type":"image\/jpeg","filesize":79294,"url":"https:\/\/movemenorca.com\/wp-content\/uploads\/CHALET-EN-CALA-EN-PORTER-030-8-768x576.jpg"},"post-thumbnail":{"file":"CHALET-EN-CALA-EN-PORTER-030-8-150x113.jpg","width":150,"height":113,"mime-type":"image\/jpeg","filesize":28545,"url":"https:\/\/movemenorca.com\/wp-content\/uploads\/CHALET-EN-CALA-EN-PORTER-030-8-150x113.jpg"},"modern-property-child-slider":{"file":"CHALET-EN-CALA-EN-PORTER-030-8-680x510.jpg","width":680,"height":510,"mime-type":"image\/jpeg","filesize":68776,"url":"https:\/\/movemenorca.com\/wp-content\/uploads\/CHALET-EN-CALA-EN-PORTER-030-8-680x510.jpg"},"property-thumb-image":{"file":"CHALET-EN-CALA-EN-PORTER-030-8-488x326.jpg","width":488,"height":326,"mime-type":"image\/jpeg","filesize":46766,"url":"https:\/\/movemenorca.com\/wp-content\/uploads\/CHALET-EN-CALA-EN-PORTER-030-8-488x326.jpg"},"property-detail-video-image":{"file":"CHALET-EN-CALA-EN-PORTER-030-8-818x417.jpg","width":818,"height":417,"mime-type":"image\/jpeg","filesize":67912,"url":"https:\/\/movemenorca.com\/wp-content\/uploads\/CHALET-EN-CALA-EN-PORTER-030-8-818x417.jpg"},"agent-image":{"file":"CHALET-EN-CALA-EN-PORTER-030-8-210x210.jpg","width":210,"height":210,"mime-type":"image\/jpeg","filesize":32391,"url":"https:\/\/movemenorca.com\/wp-content\/uploads\/CHALET-EN-CALA-EN-PORTER-030-8-210x210.jpg"},"partners-logo":{"file":"CHALET-EN-CALA-EN-PORTER-030-8-600x900.jpg","width":600,"height":900,"mime-type":"image\/jpeg","filesize":99217,"url":"https:\/\/movemenorca.com\/wp-content\/uploads\/CHALET-EN-CALA-EN-PORTER-030-8-600x900.jpg"},"post-featured-image":{"file":"CHALET-EN-CALA-EN-PORTER-030-8-1200x720.jpg","width":1200,"height":720,"mime-type":"image\/jpeg","filesize":137985,"url":"https:\/\/movemenorca.com\/wp-content\/uploads\/CHALET-EN-CALA-EN-PORTER-030-8-1200x720.jpg"},"cmplz_banner_image":{"file":"CHALET-EN-CALA-EN-PORTER-030-8-350x100.jpg","width":350,"height":100,"mime-type":"image\/jpeg","filesize":30654,"url":"https:\/\/movemenorca.com\/wp-content\/uploads\/CHALET-EN-CALA-EN-PORTER-030-8-350x100.jpg"}},"image_meta":{"aperture":"0","credit":"","camera":"","caption":"","created_timestamp":"1771355095","copyright":"","focal_length":"0","iso":"0","shutter_speed":"0","title":"","orientation":"0","keywords":[]},"ID":"151960","name":"CHALET-EN-CALA-EN-PORTER-030-8.jpg","path":"\/home\/u274812967\/domains\/movemenorca.com\/public_html\/wp-content\/uploads\/CHALET-EN-CALA-EN-PORTER-030-8.jpg","url":"https:\/\/movemenorca.com\/wp-content\/uploads\/CHALET-EN-CALA-EN-PORTER-030-8-150x150.jpg","full_url":"https:\/\/movemenorca.com\/wp-content\/uploads\/CHALET-EN-CALA-EN-PORTER-030-8.jpg","title":"CHALET EN CALA EN PORTER 030","caption":"","description":"","alt":"","srcset":"https:\/\/movemenorca.com\/wp-content\/uploads\/CHALET-EN-CALA-EN-PORTER-030-8-150x150.jpg 150w, https:\/\/movemenorca.com\/wp-content\/uploads\/CHALET-EN-CALA-EN-PORTER-030-8-210x210.jpg 210w"},{"width":150,"height":150,"file":"CHALET-EN-CALA-EN-PORTER-031-8.jpg","filesize":218862,"sizes":{"medium":{"file":"CHALET-EN-CALA-EN-PORTER-031-8-300x225.jpg","width":300,"height":225,"mime-type":"image\/jpeg","filesize":39651,"url":"https:\/\/movemenorca.com\/wp-content\/uploads\/CHALET-EN-CALA-EN-PORTER-031-8-300x225.jpg"},"large":{"file":"CHALET-EN-CALA-EN-PORTER-031-8-1024x768.jpg","width":1024,"height":768,"mime-type":"image\/jpeg","filesize":146029,"url":"https:\/\/movemenorca.com\/wp-content\/uploads\/CHALET-EN-CALA-EN-PORTER-031-8-1024x768.jpg"},"thumbnail":{"file":"CHALET-EN-CALA-EN-PORTER-031-8-150x150.jpg","width":150,"height":150,"mime-type":"image\/jpeg","filesize":31599,"url":"https:\/\/movemenorca.com\/wp-content\/uploads\/CHALET-EN-CALA-EN-PORTER-031-8-150x150.jpg"},"medium_large":{"file":"CHALET-EN-CALA-EN-PORTER-031-8-768x576.jpg","width":768,"height":576,"mime-type":"image\/jpeg","filesize":96669,"url":"https:\/\/movemenorca.com\/wp-content\/uploads\/CHALET-EN-CALA-EN-PORTER-031-8-768x576.jpg"},"post-thumbnail":{"file":"CHALET-EN-CALA-EN-PORTER-031-8-150x113.jpg","width":150,"height":113,"mime-type":"image\/jpeg","filesize":30873,"url":"https:\/\/movemenorca.com\/wp-content\/uploads\/CHALET-EN-CALA-EN-PORTER-031-8-150x113.jpg"},"modern-property-child-slider":{"file":"CHALET-EN-CALA-EN-PORTER-031-8-680x510.jpg","width":680,"height":510,"mime-type":"image\/jpeg","filesize":82628,"url":"https:\/\/movemenorca.com\/wp-content\/uploads\/CHALET-EN-CALA-EN-PORTER-031-8-680x510.jpg"},"property-thumb-image":{"file":"CHALET-EN-CALA-EN-PORTER-031-8-488x326.jpg","width":488,"height":326,"mime-type":"image\/jpeg","filesize":54009,"url":"https:\/\/movemenorca.com\/wp-content\/uploads\/CHALET-EN-CALA-EN-PORTER-031-8-488x326.jpg"},"property-detail-video-image":{"file":"CHALET-EN-CALA-EN-PORTER-031-8-818x417.jpg","width":818,"height":417,"mime-type":"image\/jpeg","filesize":84019,"url":"https:\/\/movemenorca.com\/wp-content\/uploads\/CHALET-EN-CALA-EN-PORTER-031-8-818x417.jpg"},"agent-image":{"file":"CHALET-EN-CALA-EN-PORTER-031-8-210x210.jpg","width":210,"height":210,"mime-type":"image\/jpeg","filesize":35512,"url":"https:\/\/movemenorca.com\/wp-content\/uploads\/CHALET-EN-CALA-EN-PORTER-031-8-210x210.jpg"},"partners-logo":{"file":"CHALET-EN-CALA-EN-PORTER-031-8-600x900.jpg","width":600,"height":900,"mime-type":"image\/jpeg","filesize":119371,"url":"https:\/\/movemenorca.com\/wp-content\/uploads\/CHALET-EN-CALA-EN-PORTER-031-8-600x900.jpg"},"post-featured-image":{"file":"CHALET-EN-CALA-EN-PORTER-031-8-1200x720.jpg","width":1200,"height":720,"mime-type":"image\/jpeg","filesize":176041,"url":"https:\/\/movemenorca.com\/wp-content\/uploads\/CHALET-EN-CALA-EN-PORTER-031-8-1200x720.jpg"},"cmplz_banner_image":{"file":"CHALET-EN-CALA-EN-PORTER-031-8-350x100.jpg","width":350,"height":100,"mime-type":"image\/jpeg","filesize":34169,"url":"https:\/\/movemenorca.com\/wp-content\/uploads\/CHALET-EN-CALA-EN-PORTER-031-8-350x100.jpg"}},"image_meta":{"aperture":"0","credit":"","camera":"","caption":"","created_timestamp":"1771355104","copyright":"","focal_length":"0","iso":"0","shutter_speed":"0","title":"","orientation":"0","keywords":[]},"ID":"151963","name":"CHALET-EN-CALA-EN-PORTER-031-8.jpg","path":"\/home\/u274812967\/domains\/movemenorca.com\/public_html\/wp-content\/uploads\/CHALET-EN-CALA-EN-PORTER-031-8.jpg","url":"https:\/\/movemenorca.com\/wp-content\/uploads\/CHALET-EN-CALA-EN-PORTER-031-8-150x150.jpg","full_url":"https:\/\/movemenorca.com\/wp-content\/uploads\/CHALET-EN-CALA-EN-PORTER-031-8.jpg","title":"CHALET EN CALA EN PORTER 031","caption":"","description":"","alt":"","srcset":"https:\/\/movemenorca.com\/wp-content\/uploads\/CHALET-EN-CALA-EN-PORTER-031-8-150x150.jpg 150w, https:\/\/movemenorca.com\/wp-content\/uploads\/CHALET-EN-CALA-EN-PORTER-031-8-210x210.jpg 210w"},{"width":150,"height":150,"file":"CHALET-EN-CALA-EN-PORTER-007-9.jpg","filesize":197450,"sizes":{"medium":{"file":"CHALET-EN-CALA-EN-PORTER-007-9-300x225.jpg","width":300,"height":225,"mime-type":"image\/jpeg","filesize":40407,"url":"https:\/\/movemenorca.com\/wp-content\/uploads\/CHALET-EN-CALA-EN-PORTER-007-9-300x225.jpg"},"large":{"file":"CHALET-EN-CALA-EN-PORTER-007-9-1024x768.jpg","width":1024,"height":768,"mime-type":"image\/jpeg","filesize":139971,"url":"https:\/\/movemenorca.com\/wp-content\/uploads\/CHALET-EN-CALA-EN-PORTER-007-9-1024x768.jpg"},"thumbnail":{"file":"CHALET-EN-CALA-EN-PORTER-007-9-150x150.jpg","width":150,"height":150,"mime-type":"image\/jpeg","filesize":32184,"url":"https:\/\/movemenorca.com\/wp-content\/uploads\/CHALET-EN-CALA-EN-PORTER-007-9-150x150.jpg"},"medium_large":{"file":"CHALET-EN-CALA-EN-PORTER-007-9-768x576.jpg","width":768,"height":576,"mime-type":"image\/jpeg","filesize":96285,"url":"https:\/\/movemenorca.com\/wp-content\/uploads\/CHALET-EN-CALA-EN-PORTER-007-9-768x576.jpg"},"post-thumbnail":{"file":"CHALET-EN-CALA-EN-PORTER-007-9-150x113.jpg","width":150,"height":113,"mime-type":"image\/jpeg","filesize":31462,"url":"https:\/\/movemenorca.com\/wp-content\/uploads\/CHALET-EN-CALA-EN-PORTER-007-9-150x113.jpg"},"modern-property-child-slider":{"file":"CHALET-EN-CALA-EN-PORTER-007-9-680x510.jpg","width":680,"height":510,"mime-type":"image\/jpeg","filesize":83343,"url":"https:\/\/movemenorca.com\/wp-content\/uploads\/CHALET-EN-CALA-EN-PORTER-007-9-680x510.jpg"},"property-thumb-image":{"file":"CHALET-EN-CALA-EN-PORTER-007-9-488x326.jpg","width":488,"height":326,"mime-type":"image\/jpeg","filesize":55120,"url":"https:\/\/movemenorca.com\/wp-content\/uploads\/CHALET-EN-CALA-EN-PORTER-007-9-488x326.jpg"},"property-detail-video-image":{"file":"CHALET-EN-CALA-EN-PORTER-007-9-818x417.jpg","width":818,"height":417,"mime-type":"image\/jpeg","filesize":86030,"url":"https:\/\/movemenorca.com\/wp-content\/uploads\/CHALET-EN-CALA-EN-PORTER-007-9-818x417.jpg"},"agent-image":{"file":"CHALET-EN-CALA-EN-PORTER-007-9-210x210.jpg","width":210,"height":210,"mime-type":"image\/jpeg","filesize":36176,"url":"https:\/\/movemenorca.com\/wp-content\/uploads\/CHALET-EN-CALA-EN-PORTER-007-9-210x210.jpg"},"partners-logo":{"file":"CHALET-EN-CALA-EN-PORTER-007-9-600x900.jpg","width":600,"height":900,"mime-type":"image\/jpeg","filesize":106791,"url":"https:\/\/movemenorca.com\/wp-content\/uploads\/CHALET-EN-CALA-EN-PORTER-007-9-600x900.jpg"},"post-featured-image":{"file":"CHALET-EN-CALA-EN-PORTER-007-9-1200x720.jpg","width":1200,"height":720,"mime-type":"image\/jpeg","filesize":161163,"url":"https:\/\/movemenorca.com\/wp-content\/uploads\/CHALET-EN-CALA-EN-PORTER-007-9-1200x720.jpg"},"cmplz_banner_image":{"file":"CHALET-EN-CALA-EN-PORTER-007-9-350x100.jpg","width":350,"height":100,"mime-type":"image\/jpeg","filesize":36188,"url":"https:\/\/movemenorca.com\/wp-content\/uploads\/CHALET-EN-CALA-EN-PORTER-007-9-350x100.jpg"}},"image_meta":{"aperture":"0","credit":"","camera":"","caption":"","created_timestamp":"1771354877","copyright":"","focal_length":"0","iso":"0","shutter_speed":"0","title":"","orientation":"0","keywords":[]},"ID":"151918","name":"CHALET-EN-CALA-EN-PORTER-007-9.jpg","path":"\/home\/u274812967\/domains\/movemenorca.com\/public_html\/wp-content\/uploads\/CHALET-EN-CALA-EN-PORTER-007-9.jpg","url":"https:\/\/movemenorca.com\/wp-content\/uploads\/CHALET-EN-CALA-EN-PORTER-007-9-150x150.jpg","full_url":"https:\/\/movemenorca.com\/wp-content\/uploads\/CHALET-EN-CALA-EN-PORTER-007-9.jpg","title":"CHALET EN CALA EN PORTER 007","caption":"","description":"","alt":"","srcset":"https:\/\/movemenorca.com\/wp-content\/uploads\/CHALET-EN-CALA-EN-PORTER-007-9-150x150.jpg 150w, https:\/\/movemenorca.com\/wp-content\/uploads\/CHALET-EN-CALA-EN-PORTER-007-9-210x210.jpg 210w"},{"width":150,"height":150,"file":"CHALET-EN-CALA-EN-PORTER-010-8.jpg","filesize":329946,"sizes":{"medium":{"file":"CHALET-EN-CALA-EN-PORTER-010-8-300x225.jpg","width":300,"height":225,"mime-type":"image\/jpeg","filesize":55696,"url":"https:\/\/movemenorca.com\/wp-content\/uploads\/CHALET-EN-CALA-EN-PORTER-010-8-300x225.jpg"},"large":{"file":"CHALET-EN-CALA-EN-PORTER-010-8-1024x768.jpg","width":1024,"height":768,"mime-type":"image\/jpeg","filesize":226218,"url":"https:\/\/movemenorca.com\/wp-content\/uploads\/CHALET-EN-CALA-EN-PORTER-010-8-1024x768.jpg"},"thumbnail":{"file":"CHALET-EN-CALA-EN-PORTER-010-8-150x150.jpg","width":150,"height":150,"mime-type":"image\/jpeg","filesize":42596,"url":"https:\/\/movemenorca.com\/wp-content\/uploads\/CHALET-EN-CALA-EN-PORTER-010-8-150x150.jpg"},"medium_large":{"file":"CHALET-EN-CALA-EN-PORTER-010-8-768x576.jpg","width":768,"height":576,"mime-type":"image\/jpeg","filesize":150988,"url":"https:\/\/movemenorca.com\/wp-content\/uploads\/CHALET-EN-CALA-EN-PORTER-010-8-768x576.jpg"},"post-thumbnail":{"file":"CHALET-EN-CALA-EN-PORTER-010-8-150x113.jpg","width":150,"height":113,"mime-type":"image\/jpeg","filesize":41009,"url":"https:\/\/movemenorca.com\/wp-content\/uploads\/CHALET-EN-CALA-EN-PORTER-010-8-150x113.jpg"},"modern-property-child-slider":{"file":"CHALET-EN-CALA-EN-PORTER-010-8-680x510.jpg","width":680,"height":510,"mime-type":"image\/jpeg","filesize":128343,"url":"https:\/\/movemenorca.com\/wp-content\/uploads\/CHALET-EN-CALA-EN-PORTER-010-8-680x510.jpg"},"property-thumb-image":{"file":"CHALET-EN-CALA-EN-PORTER-010-8-488x326.jpg","width":488,"height":326,"mime-type":"image\/jpeg","filesize":80658,"url":"https:\/\/movemenorca.com\/wp-content\/uploads\/CHALET-EN-CALA-EN-PORTER-010-8-488x326.jpg"},"property-detail-video-image":{"file":"CHALET-EN-CALA-EN-PORTER-010-8-818x417.jpg","width":818,"height":417,"mime-type":"image\/jpeg","filesize":127131,"url":"https:\/\/movemenorca.com\/wp-content\/uploads\/CHALET-EN-CALA-EN-PORTER-010-8-818x417.jpg"},"agent-image":{"file":"CHALET-EN-CALA-EN-PORTER-010-8-210x210.jpg","width":210,"height":210,"mime-type":"image\/jpeg","filesize":49216,"url":"https:\/\/movemenorca.com\/wp-content\/uploads\/CHALET-EN-CALA-EN-PORTER-010-8-210x210.jpg"},"partners-logo":{"file":"CHALET-EN-CALA-EN-PORTER-010-8-600x900.jpg","width":600,"height":900,"mime-type":"image\/jpeg","filesize":173331,"url":"https:\/\/movemenorca.com\/wp-content\/uploads\/CHALET-EN-CALA-EN-PORTER-010-8-600x900.jpg"},"post-featured-image":{"file":"CHALET-EN-CALA-EN-PORTER-010-8-1200x720.jpg","width":1200,"height":720,"mime-type":"image\/jpeg","filesize":257728,"url":"https:\/\/movemenorca.com\/wp-content\/uploads\/CHALET-EN-CALA-EN-PORTER-010-8-1200x720.jpg"},"cmplz_banner_image":{"file":"CHALET-EN-CALA-EN-PORTER-010-8-350x100.jpg","width":350,"height":100,"mime-type":"image\/jpeg","filesize":46445,"url":"https:\/\/movemenorca.com\/wp-content\/uploads\/CHALET-EN-CALA-EN-PORTER-010-8-350x100.jpg"}},"image_meta":{"aperture":"0","credit":"","camera":"","caption":"","created_timestamp":"1771354887","copyright":"","focal_length":"0","iso":"0","shutter_speed":"0","title":"","orientation":"0","keywords":[]},"ID":"151924","name":"CHALET-EN-CALA-EN-PORTER-010-8.jpg","path":"\/home\/u274812967\/domains\/movemenorca.com\/public_html\/wp-content\/uploads\/CHALET-EN-CALA-EN-PORTER-010-8.jpg","url":"https:\/\/movemenorca.com\/wp-content\/uploads\/CHALET-EN-CALA-EN-PORTER-010-8-150x150.jpg","full_url":"https:\/\/movemenorca.com\/wp-content\/uploads\/CHALET-EN-CALA-EN-PORTER-010-8.jpg","title":"CHALET EN CALA EN PORTER 010","caption":"","description":"","alt":"","srcset":"https:\/\/movemenorca.com\/wp-content\/uploads\/CHALET-EN-CALA-EN-PORTER-010-8-150x150.jpg 150w, https:\/\/movemenorca.com\/wp-content\/uploads\/CHALET-EN-CALA-EN-PORTER-010-8-210x210.jpg 210w"},{"width":150,"height":150,"file":"CHALET-EN-CALA-EN-PORTER-001-5.jpg","filesize":254773,"sizes":{"medium":{"file":"CHALET-EN-CALA-EN-PORTER-001-5-300x225.jpg","width":300,"height":225,"mime-type":"image\/jpeg","filesize":48465,"url":"https:\/\/movemenorca.com\/wp-content\/uploads\/CHALET-EN-CALA-EN-PORTER-001-5-300x225.jpg"},"large":{"file":"CHALET-EN-CALA-EN-PORTER-001-5-1024x768.jpg","width":1024,"height":768,"mime-type":"image\/jpeg","filesize":187720,"url":"https:\/\/movemenorca.com\/wp-content\/uploads\/CHALET-EN-CALA-EN-PORTER-001-5-1024x768.jpg"},"thumbnail":{"file":"CHALET-EN-CALA-EN-PORTER-001-5-150x150.jpg","width":150,"height":150,"mime-type":"image\/jpeg","filesize":37056,"url":"https:\/\/movemenorca.com\/wp-content\/uploads\/CHALET-EN-CALA-EN-PORTER-001-5-150x150.jpg"},"medium_large":{"file":"CHALET-EN-CALA-EN-PORTER-001-5-768x576.jpg","width":768,"height":576,"mime-type":"image\/jpeg","filesize":128144,"url":"https:\/\/movemenorca.com\/wp-content\/uploads\/CHALET-EN-CALA-EN-PORTER-001-5-768x576.jpg"},"post-thumbnail":{"file":"CHALET-EN-CALA-EN-PORTER-001-5-150x113.jpg","width":150,"height":113,"mime-type":"image\/jpeg","filesize":36180,"url":"https:\/\/movemenorca.com\/wp-content\/uploads\/CHALET-EN-CALA-EN-PORTER-001-5-150x113.jpg"},"modern-property-child-slider":{"file":"CHALET-EN-CALA-EN-PORTER-001-5-680x510.jpg","width":680,"height":510,"mime-type":"image\/jpeg","filesize":109827,"url":"https:\/\/movemenorca.com\/wp-content\/uploads\/CHALET-EN-CALA-EN-PORTER-001-5-680x510.jpg"},"property-thumb-image":{"file":"CHALET-EN-CALA-EN-PORTER-001-5-488x326.jpg","width":488,"height":326,"mime-type":"image\/jpeg","filesize":69893,"url":"https:\/\/movemenorca.com\/wp-content\/uploads\/CHALET-EN-CALA-EN-PORTER-001-5-488x326.jpg"},"property-detail-video-image":{"file":"CHALET-EN-CALA-EN-PORTER-001-5-818x417.jpg","width":818,"height":417,"mime-type":"image\/jpeg","filesize":111558,"url":"https:\/\/movemenorca.com\/wp-content\/uploads\/CHALET-EN-CALA-EN-PORTER-001-5-818x417.jpg"},"agent-image":{"file":"CHALET-EN-CALA-EN-PORTER-001-5-210x210.jpg","width":210,"height":210,"mime-type":"image\/jpeg","filesize":42160,"url":"https:\/\/movemenorca.com\/wp-content\/uploads\/CHALET-EN-CALA-EN-PORTER-001-5-210x210.jpg"},"partners-logo":{"file":"CHALET-EN-CALA-EN-PORTER-001-5-600x900.jpg","width":600,"height":900,"mime-type":"image\/jpeg","filesize":125817,"url":"https:\/\/movemenorca.com\/wp-content\/uploads\/CHALET-EN-CALA-EN-PORTER-001-5-600x900.jpg"},"post-featured-image":{"file":"CHALET-EN-CALA-EN-PORTER-001-5-1200x720.jpg","width":1200,"height":720,"mime-type":"image\/jpeg","filesize":209313,"url":"https:\/\/movemenorca.com\/wp-content\/uploads\/CHALET-EN-CALA-EN-PORTER-001-5-1200x720.jpg"},"cmplz_banner_image":{"file":"CHALET-EN-CALA-EN-PORTER-001-5-350x100.jpg","width":350,"height":100,"mime-type":"image\/jpeg","filesize":42515,"url":"https:\/\/movemenorca.com\/wp-content\/uploads\/CHALET-EN-CALA-EN-PORTER-001-5-350x100.jpg"}},"image_meta":{"aperture":"0","credit":"","camera":"","caption":"","created_timestamp":"1771354838","copyright":"","focal_length":"0","iso":"0","shutter_speed":"0","title":"","orientation":"0","keywords":[]},"ID":"151906","name":"CHALET-EN-CALA-EN-PORTER-001-5.jpg","path":"\/home\/u274812967\/domains\/movemenorca.com\/public_html\/wp-content\/uploads\/CHALET-EN-CALA-EN-PORTER-001-5.jpg","url":"https:\/\/movemenorca.com\/wp-content\/uploads\/CHALET-EN-CALA-EN-PORTER-001-5-150x150.jpg","full_url":"https:\/\/movemenorca.com\/wp-content\/uploads\/CHALET-EN-CALA-EN-PORTER-001-5.jpg","title":"Villa for sale in Cala en Porter Menorca","caption":"Villa for sale in Cala en Porter Menorca","description":"Villa for sale in Cala en Porter Menorca","alt":"Villa for sale in Cala en Porter Menorca","srcset":"https:\/\/movemenorca.com\/wp-content\/uploads\/CHALET-EN-CALA-EN-PORTER-001-5-150x150.jpg 150w, https:\/\/movemenorca.com\/wp-content\/uploads\/CHALET-EN-CALA-EN-PORTER-001-5-210x210.jpg 210w"},{"width":150,"height":150,"file":"CHALET-EN-CALA-EN-PORTER-002-5.jpg","filesize":283002,"sizes":{"medium":{"file":"CHALET-EN-CALA-EN-PORTER-002-5-300x225.jpg","width":300,"height":225,"mime-type":"image\/jpeg","filesize":50957,"url":"https:\/\/movemenorca.com\/wp-content\/uploads\/CHALET-EN-CALA-EN-PORTER-002-5-300x225.jpg"},"large":{"file":"CHALET-EN-CALA-EN-PORTER-002-5-1024x768.jpg","width":1024,"height":768,"mime-type":"image\/jpeg","filesize":204476,"url":"https:\/\/movemenorca.com\/wp-content\/uploads\/CHALET-EN-CALA-EN-PORTER-002-5-1024x768.jpg"},"thumbnail":{"file":"CHALET-EN-CALA-EN-PORTER-002-5-150x150.jpg","width":150,"height":150,"mime-type":"image\/jpeg","filesize":38774,"url":"https:\/\/movemenorca.com\/wp-content\/uploads\/CHALET-EN-CALA-EN-PORTER-002-5-150x150.jpg"},"medium_large":{"file":"CHALET-EN-CALA-EN-PORTER-002-5-768x576.jpg","width":768,"height":576,"mime-type":"image\/jpeg","filesize":138980,"url":"https:\/\/movemenorca.com\/wp-content\/uploads\/CHALET-EN-CALA-EN-PORTER-002-5-768x576.jpg"},"post-thumbnail":{"file":"CHALET-EN-CALA-EN-PORTER-002-5-150x113.jpg","width":150,"height":113,"mime-type":"image\/jpeg","filesize":37634,"url":"https:\/\/movemenorca.com\/wp-content\/uploads\/CHALET-EN-CALA-EN-PORTER-002-5-150x113.jpg"},"modern-property-child-slider":{"file":"CHALET-EN-CALA-EN-PORTER-002-5-680x510.jpg","width":680,"height":510,"mime-type":"image\/jpeg","filesize":118335,"url":"https:\/\/movemenorca.com\/wp-content\/uploads\/CHALET-EN-CALA-EN-PORTER-002-5-680x510.jpg"},"property-thumb-image":{"file":"CHALET-EN-CALA-EN-PORTER-002-5-488x326.jpg","width":488,"height":326,"mime-type":"image\/jpeg","filesize":74934,"url":"https:\/\/movemenorca.com\/wp-content\/uploads\/CHALET-EN-CALA-EN-PORTER-002-5-488x326.jpg"},"property-detail-video-image":{"file":"CHALET-EN-CALA-EN-PORTER-002-5-818x417.jpg","width":818,"height":417,"mime-type":"image\/jpeg","filesize":122692,"url":"https:\/\/movemenorca.com\/wp-content\/uploads\/CHALET-EN-CALA-EN-PORTER-002-5-818x417.jpg"},"agent-image":{"file":"CHALET-EN-CALA-EN-PORTER-002-5-210x210.jpg","width":210,"height":210,"mime-type":"image\/jpeg","filesize":44726,"url":"https:\/\/movemenorca.com\/wp-content\/uploads\/CHALET-EN-CALA-EN-PORTER-002-5-210x210.jpg"},"partners-logo":{"file":"CHALET-EN-CALA-EN-PORTER-002-5-600x900.jpg","width":600,"height":900,"mime-type":"image\/jpeg","filesize":145679,"url":"https:\/\/movemenorca.com\/wp-content\/uploads\/CHALET-EN-CALA-EN-PORTER-002-5-600x900.jpg"},"post-featured-image":{"file":"CHALET-EN-CALA-EN-PORTER-002-5-1200x720.jpg","width":1200,"height":720,"mime-type":"image\/jpeg","filesize":235862,"url":"https:\/\/movemenorca.com\/wp-content\/uploads\/CHALET-EN-CALA-EN-PORTER-002-5-1200x720.jpg"},"cmplz_banner_image":{"file":"CHALET-EN-CALA-EN-PORTER-002-5-350x100.jpg","width":350,"height":100,"mime-type":"image\/jpeg","filesize":44126,"url":"https:\/\/movemenorca.com\/wp-content\/uploads\/CHALET-EN-CALA-EN-PORTER-002-5-350x100.jpg"}},"image_meta":{"aperture":"0","credit":"","camera":"","caption":"","created_timestamp":"1771354838","copyright":"","focal_length":"0","iso":"0","shutter_speed":"0","title":"","orientation":"0","keywords":[]},"ID":"151909","name":"CHALET-EN-CALA-EN-PORTER-002-5.jpg","path":"\/home\/u274812967\/domains\/movemenorca.com\/public_html\/wp-content\/uploads\/CHALET-EN-CALA-EN-PORTER-002-5.jpg","url":"https:\/\/movemenorca.com\/wp-content\/uploads\/CHALET-EN-CALA-EN-PORTER-002-5-150x150.jpg","full_url":"https:\/\/movemenorca.com\/wp-content\/uploads\/CHALET-EN-CALA-EN-PORTER-002-5.jpg","title":"CHALET EN CALA EN PORTER 002","caption":"","description":"","alt":"","srcset":"https:\/\/movemenorca.com\/wp-content\/uploads\/CHALET-EN-CALA-EN-PORTER-002-5-150x150.jpg 150w, https:\/\/movemenorca.com\/wp-content\/uploads\/CHALET-EN-CALA-EN-PORTER-002-5-210x210.jpg 210w"}],"REAL_HOMES_change_gallery_slider_type":"0","REAL_HOMES_gallery_slider_type":"thumb-on-right","inspiry_floor_plans":[],"inspiry_video_group":[],"REAL_HOMES_360_virtual_tour":"","REAL_HOMES_tour_video_url":"","REAL_HOMES_tour_video_image":[],"REAL_HOMES_agent_display_option":"none","REAL_HOMES_agents":[],"REAL_HOMES_energy_class":"E","REAL_HOMES_energy_performance":"156","REAL_HOMES_epc_current_rating":"E","REAL_HOMES_epc_potential_rating":"34","ere_property_schedule_tour":"global","ere_property_schedule_time_slots":"","ere_property_schedule_description":"","REAL_HOMES_sticky":"0","inspiry_property_label":"","inspiry_property_label_color":"","inspiry_property_tax":"0","inspiry_additional_fee":"0","REAL_HOMES_attachments":[],"inspiry_property_owner_name":"","inspiry_property_owner_contact":"","inspiry_property_owner_address":"","REAL_HOMES_property_private_note":"","inspiry_message_to_reviewer":"","REAL_HOMES_add_in_slider":"no","REAL_HOMES_slider_image":[],"REAL_HOMES_page_banner_image":[],"REAL_HOMES_custom_header_display":"default","REAL_HOMES_custom_header_position":"relative","REAL_HOMES_custom_footer_display":"default","REAL_HOMES_hide_advance_search":"0","REAL_HOMES_custom_search_form":"default","REAL_HOMES_search_form_margin_top":"","REAL_HOMES_search_form_margin_bottom":""},"_links":{"self":[{"href":"https:\/\/movemenorca.com\/es\/wp-json\/wp\/v2\/property-for-sale-menorca\/151986","targetHints":{"allow":["GET"]}}],"collection":[{"href":"https:\/\/movemenorca.com\/es\/wp-json\/wp\/v2\/property-for-sale-menorca"}],"about":[{"href":"https:\/\/movemenorca.com\/es\/wp-json\/wp\/v2\/types\/property"}],"author":[{"embeddable":true,"href":"https:\/\/movemenorca.com\/es\/wp-json\/wp\/v2\/users\/6"}],"replies":[{"embeddable":true,"href":"https:\/\/movemenorca.com\/es\/wp-json\/wp\/v2\/comments?post=151986"}],"version-history":[{"count":2,"href":"https:\/\/movemenorca.com\/es\/wp-json\/wp\/v2\/property-for-sale-menorca\/151986\/revisions"}],"predecessor-version":[{"id":151988,"href":"https:\/\/movemenorca.com\/es\/wp-json\/wp\/v2\/property-for-sale-menorca\/151986\/revisions\/151988"}],"wp:featuredmedia":[{"embeddable":true,"href":"https:\/\/movemenorca.com\/es\/wp-json\/wp\/v2\/media\/151917"}],"wp:attachment":[{"href":"https:\/\/movemenorca.com\/es\/wp-json\/wp\/v2\/media?parent=151986"}],"wp:term":[{"taxonomy":"property-feature","embeddable":true,"href":"https:\/\/movemenorca.com\/es\/wp-json\/wp\/v2\/property-feature?post=151986"},{"taxonomy":"property-type","embeddable":true,"href":"https:\/\/movemenorca.com\/es\/wp-json\/wp\/v2\/property-type?post=151986"},{"taxonomy":"property-city","embeddable":true,"href":"https:\/\/movemenorca.com\/es\/wp-json\/wp\/v2\/property-location?post=151986"},{"taxonomy":"property-status","embeddable":true,"href":"https:\/\/movemenorca.com\/es\/wp-json\/wp\/v2\/property-status?post=151986"}],"curies":[{"name":"wp","href":"https:\/\/api.w.org\/{rel}","templated":true}]}}